{"id":34387,"date":"2025-04-28T08:31:05","date_gmt":"2025-04-28T06:31:05","guid":{"rendered":"https:\/\/grossmann-lasertechnik.de\/?page_id=34387"},"modified":"2025-06-10T15:57:40","modified_gmt":"2025-06-10T13:57:40","slug":"funcion-del-laser-de-fibra-y-ambitos-de-aplicacion","status":"publish","type":"page","link":"https:\/\/grossmann-lasertechnik.de\/es\/funcion-del-laser-de-fibra-y-ambitos-de-aplicacion\/","title":{"rendered":"L\u00e1ser de fibra: funcionamiento, ventajas y campos de aplicaci\u00f3n"},"content":{"rendered":"<div data-elementor-type=\"wp-page\" data-elementor-id=\"34387\" class=\"elementor elementor-34387\" data-elementor-post-type=\"page\">\n\t\t\t\t\t\t<section class=\"elementor-section elementor-top-section elementor-element elementor-element-52317c93 elementor-section-content-middle elementor-section-boxed elementor-section-height-default elementor-section-height-default\" data-id=\"52317c93\" data-element_type=\"section\" data-e-type=\"section\" data-settings=\"{&quot;background_background&quot;:&quot;classic&quot;}\">\n\t\t\t\t\t\t\t<div class=\"elementor-background-overlay\"><\/div>\n\t\t\t\t\t\t\t<div class=\"elementor-container elementor-column-gap-default\">\n\t\t\t\t\t<div class=\"elementor-column elementor-col-100 elementor-top-column elementor-element elementor-element-7faee3f5\" data-id=\"7faee3f5\" data-element_type=\"column\" data-e-type=\"column\">\n\t\t\t<div class=\"elementor-widget-wrap elementor-element-populated\">\n\t\t\t\t\t\t<section class=\"elementor-section elementor-inner-section elementor-element elementor-element-3cedbe4e elementor-section-boxed elementor-section-height-default elementor-section-height-default\" data-id=\"3cedbe4e\" data-element_type=\"section\" data-e-type=\"section\">\n\t\t\t\t\t\t<div class=\"elementor-container elementor-column-gap-default\">\n\t\t\t\t\t<div class=\"elementor-column elementor-col-100 elementor-inner-column elementor-element elementor-element-2ae74a1b\" data-id=\"2ae74a1b\" data-element_type=\"column\" data-e-type=\"column\">\n\t\t\t<div class=\"elementor-widget-wrap elementor-element-populated\">\n\t\t\t\t\t\t<div class=\"elementor-element elementor-element-6858115d elementor-widget elementor-widget-heading\" data-id=\"6858115d\" data-element_type=\"widget\" data-e-type=\"widget\" data-widget_type=\"heading.default\">\n\t\t\t\t\t<h1 class=\"elementor-heading-title elementor-size-default\"><div>Faserlaser und deren Funktionsweise, Vorteile und Einsatzgebiete einfach erkl\u00e4rt<span style=\"font-style: inherit\"><\/span><\/div><\/h1>\t\t\t\t<\/div>\n\t\t\t\t\t<\/div>\n\t\t<\/div>\n\t\t\t\t\t<\/div>\n\t\t<\/section>\n\t\t\t\t\t<\/div>\n\t\t<\/div>\n\t\t\t\t\t<\/div>\n\t\t<\/section>\n\t\t\t\t<section class=\"elementor-section elementor-top-section elementor-element elementor-element-3977827f elementor-section-boxed elementor-section-height-default elementor-section-height-default\" data-id=\"3977827f\" data-element_type=\"section\" data-e-type=\"section\" data-settings=\"{&quot;background_background&quot;:&quot;classic&quot;}\">\n\t\t\t\t\t\t<div class=\"elementor-container elementor-column-gap-default\">\n\t\t\t\t\t<div class=\"elementor-column elementor-col-50 elementor-top-column elementor-element elementor-element-5e8d39bd\" data-id=\"5e8d39bd\" data-element_type=\"column\" data-e-type=\"column\">\n\t\t\t<div class=\"elementor-widget-wrap elementor-element-populated\">\n\t\t\t\t\t\t<div class=\"elementor-element elementor-element-327d2ec elementor-widget elementor-widget-image\" data-id=\"327d2ec\" data-element_type=\"widget\" data-e-type=\"widget\" data-widget_type=\"image.default\">\n\t\t\t\t\t\t\t\t\t\t\t\t<figure class=\"wp-caption\">\n\t\t\t\t\t\t\t\t\t\t<img loading=\"lazy\" decoding=\"async\" width=\"300\" height=\"244\" src=\"https:\/\/grossmann-lasertechnik.de\/wp-content\/uploads\/2023\/09\/laserquelle-wie-funktioniert-ein-Faserlaser-300x244.webp\" class=\"attachment-medium size-medium wp-image-40768\" alt=\"\" srcset=\"https:\/\/grossmann-lasertechnik.de\/wp-content\/uploads\/2023\/09\/laserquelle-wie-funktioniert-ein-Faserlaser-300x244.webp 300w, https:\/\/grossmann-lasertechnik.de\/wp-content\/uploads\/2023\/09\/laserquelle-wie-funktioniert-ein-Faserlaser-768x624.webp 768w, https:\/\/grossmann-lasertechnik.de\/wp-content\/uploads\/2023\/09\/laserquelle-wie-funktioniert-ein-Faserlaser-600x488.webp 600w, https:\/\/grossmann-lasertechnik.de\/wp-content\/uploads\/2023\/09\/laserquelle-wie-funktioniert-ein-Faserlaser.webp 960w\" sizes=\"auto, (max-width: 300px) 100vw, 300px\" \/>\t\t\t\t\t\t\t\t\t\t\t<figcaption class=\"widget-image-caption wp-caption-text\">Fuente de haz l\u00e1ser de fibra \u00a9 JPT<\/figcaption>\n\t\t\t\t\t\t\t\t\t\t<\/figure>\n\t\t\t\t\t\t\t\t\t<\/div>\n\t\t\t\t\t<\/div>\n\t\t<\/div>\n\t\t\t\t<div class=\"elementor-column elementor-col-50 elementor-top-column elementor-element elementor-element-c49cc96\" data-id=\"c49cc96\" data-element_type=\"column\" data-e-type=\"column\">\n\t\t\t<div class=\"elementor-widget-wrap elementor-element-populated\">\n\t\t\t\t\t\t<div class=\"elementor-element elementor-element-0235b7e elementor-widget elementor-widget-heading\" data-id=\"0235b7e\" data-element_type=\"widget\" data-e-type=\"widget\" data-widget_type=\"heading.default\">\n\t\t\t\t\t<h2 class=\"elementor-heading-title elementor-size-default\">\u00bfQu\u00e9 son los l\u00e1seres de fibra \u00f3ptica?<\/h2>\t\t\t\t<\/div>\n\t\t\t\t<div class=\"elementor-element elementor-element-df6c414 elementor-widget elementor-widget-text-editor\" data-id=\"df6c414\" data-element_type=\"widget\" data-e-type=\"widget\" data-widget_type=\"text-editor.default\">\n\t\t\t\t\t\t\t\t\t<div class=\"flex flex-grow flex-col gap-3\"><div class=\"min-h-[20px] flex flex-col items-start gap-4 whitespace-pre-wrap break-words\"><div class=\"markdown prose w-full break-words dark:prose-invert light\"><p style=\"text-align: left;\"><span style=\"color: #000000;\"><a style=\"color: #000000;\" href=\"https:\/\/grossmann-lasertechnik.de\/es\/faserlaser-laserbeschrifter-beschriftungslaser-gravis\/\" target=\"_blank\" rel=\"noopener noreferrer\"><strong>L\u00e1ser de fibra<\/strong><\/a><\/span> suelen denominarse <strong>L\u00e1ser de etiquetado<\/strong> genutzt. Sie beschriften und gravieren verschiedene Materialien. Man kann sie auch als Schneidlaser f\u00fcr Metalle verwenden. Pr\u00e4zise und dauerhafte Lasermarkierungen machen diese Art von Laser in vielen Industriezweigen beliebt.<\/p><\/div><\/div><\/div>\t\t\t\t\t\t\t\t<\/div>\n\t\t\t\t\t<\/div>\n\t\t<\/div>\n\t\t\t\t\t<\/div>\n\t\t<\/section>\n\t\t\t\t<section class=\"elementor-section elementor-top-section elementor-element elementor-element-44d823b elementor-section-boxed elementor-section-height-default elementor-section-height-default\" data-id=\"44d823b\" data-element_type=\"section\" data-e-type=\"section\" data-settings=\"{&quot;background_background&quot;:&quot;classic&quot;}\">\n\t\t\t\t\t\t<div class=\"elementor-container elementor-column-gap-default\">\n\t\t\t\t\t<div class=\"elementor-column elementor-col-100 elementor-top-column elementor-element elementor-element-1d12363\" data-id=\"1d12363\" data-element_type=\"column\" data-e-type=\"column\">\n\t\t\t<div class=\"elementor-widget-wrap elementor-element-populated\">\n\t\t\t\t\t\t<div class=\"elementor-element elementor-element-1d92e6c elementor-widget elementor-widget-heading\" data-id=\"1d92e6c\" data-element_type=\"widget\" data-e-type=\"widget\" data-widget_type=\"heading.default\">\n\t\t\t\t\t<h2 class=\"elementor-heading-title elementor-size-default\">Faserlaser Funktionsweise und Aufbau Erkl\u00e4rt<\/h2>\t\t\t\t<\/div>\n\t\t\t\t<div class=\"elementor-element elementor-element-2d98760 elementor-widget elementor-widget-heading\" data-id=\"2d98760\" data-element_type=\"widget\" data-e-type=\"widget\" data-widget_type=\"heading.default\">\n\t\t\t\t\t<h3 class=\"elementor-heading-title elementor-size-default\">C\u00f3mo produce radiaci\u00f3n un l\u00e1ser de fibra<\/h3>\t\t\t\t<\/div>\n\t\t\t\t<div class=\"elementor-element elementor-element-515e071 elementor-widget elementor-widget-image\" data-id=\"515e071\" data-element_type=\"widget\" data-e-type=\"widget\" data-widget_type=\"image.default\">\n\t\t\t\t\t\t\t\t\t\t\t\t\t\t\t<img loading=\"lazy\" decoding=\"async\" width=\"768\" height=\"342\" src=\"https:\/\/grossmann-lasertechnik.de\/wp-content\/uploads\/2024\/03\/Faserlaser-Glasfaser-Aufbau-hell-1-768x342.webp\" class=\"attachment-medium_large size-medium_large wp-image-42370\" alt=\"\u00bfC\u00f3mo funciona un l\u00e1ser de fibra? Estructura de la fibra de vidrio\" srcset=\"https:\/\/grossmann-lasertechnik.de\/wp-content\/uploads\/2024\/03\/Faserlaser-Glasfaser-Aufbau-hell-1-768x342.webp 768w, https:\/\/grossmann-lasertechnik.de\/wp-content\/uploads\/2024\/03\/Faserlaser-Glasfaser-Aufbau-hell-1-300x134.webp 300w, https:\/\/grossmann-lasertechnik.de\/wp-content\/uploads\/2024\/03\/Faserlaser-Glasfaser-Aufbau-hell-1-1024x457.webp 1024w, https:\/\/grossmann-lasertechnik.de\/wp-content\/uploads\/2024\/03\/Faserlaser-Glasfaser-Aufbau-hell-1-600x268.webp 600w, https:\/\/grossmann-lasertechnik.de\/wp-content\/uploads\/2024\/03\/Faserlaser-Glasfaser-Aufbau-hell-1.webp 1200w\" sizes=\"auto, (max-width: 768px) 100vw, 768px\" \/>\t\t\t\t\t\t\t\t\t\t\t\t\t\t\t<\/div>\n\t\t\t\t<div class=\"elementor-element elementor-element-b635cf5 elementor-widget elementor-widget-text-editor\" data-id=\"b635cf5\" data-element_type=\"widget\" data-e-type=\"widget\" data-widget_type=\"text-editor.default\">\n\t\t\t\t\t\t\t\t\t<p><strong>L\u00e1ser de fibra<\/strong> mit 1064 Nanometern (nm) Wellenl\u00e4nge nutzen eine spezielle Glasfaser.\u00a0<br \/><span style=\"font-style: inherit; font-weight: inherit;\">Esta fibra de vidrio tiene tres capas: el n\u00facleo, la vaina y el revestimiento.<\/span><\/p><p>El n\u00facleo es el interior de la fibra de vidrio por el que se transporta la luz. El revestimiento es una capa que rodea el n\u00facleo.<\/p><p>Er hilft, das Licht im Kern zu halten. Au\u00dferdem leitet er das Licht entlang der Glasfaser.\u00a0<br \/><span style=\"font-style: inherit; font-weight: inherit;\">Diese Ummantelung sch\u00fctzt die Glasfaser. Sie sorgt daf\u00fcr, dass die Glasfaser flexibel und bis zu einem gewissen Grad biegsam bleibt.<\/span><\/p><p>Dentro del n\u00facleo hay unas part\u00edculas diminutas llamadas iterbio (dopaje). <br \/>Cuando la luz atraviesa la fibra, estas part\u00edculas de iterbio se excitan.\u00a0<\/p><p>Las part\u00edculas de iterbio excitadas liberan part\u00edculas de luz. Estas part\u00edculas de luz saltan a trav\u00e9s del n\u00facleo y se encuentran con otras part\u00edculas de iterbio excitadas. La reacci\u00f3n en cadena resultante produce cada vez m\u00e1s energ\u00eda en forma de luz.<\/p><p>Schlie\u00dflich wird dieses verst\u00e4rkte Licht durch eine Seite der Faser herausgelassen. Das Licht, das dabei entsteht ist unsichtbar da sie im Infrarotbereich liegt.<\/p><p>Este tipo de l\u00e1ser se utiliza en muchos \u00e1mbitos. Por ejemplo, se utiliza en la industria para cortar metales.<\/p>\t\t\t\t\t\t\t\t<\/div>\n\t\t\t\t\t<\/div>\n\t\t<\/div>\n\t\t\t\t\t<\/div>\n\t\t<\/section>\n\t\t\t\t<section class=\"elementor-section elementor-top-section elementor-element elementor-element-7424198 elementor-section-boxed elementor-section-height-default elementor-section-height-default\" data-id=\"7424198\" data-element_type=\"section\" data-e-type=\"section\">\n\t\t\t\t\t\t<div class=\"elementor-container elementor-column-gap-default\">\n\t\t\t\t\t<div class=\"elementor-column elementor-col-100 elementor-top-column elementor-element elementor-element-9713ae6\" data-id=\"9713ae6\" data-element_type=\"column\" data-e-type=\"column\">\n\t\t\t<div class=\"elementor-widget-wrap elementor-element-populated\">\n\t\t\t\t\t\t<div class=\"elementor-element elementor-element-9e1427f elementor-widget elementor-widget-heading\" data-id=\"9e1427f\" data-element_type=\"widget\" data-e-type=\"widget\" data-widget_type=\"heading.default\">\n\t\t\t\t\t<h2 class=\"elementor-heading-title elementor-size-default\">L\u00e1ser de fibra MOPA vs. Q-Switched: diferencias<\/h2>\t\t\t\t<\/div>\n\t\t\t\t<div class=\"elementor-element elementor-element-63bed57 elementor-widget elementor-widget-text-editor\" data-id=\"63bed57\" data-element_type=\"widget\" data-e-type=\"widget\" data-widget_type=\"text-editor.default\">\n\t\t\t\t\t\t\t\t\t<p>MOPA- und Q-switched sind zwei Arten von Faserlasern. Sie nutzen verschiedene Methoden, um den Laserstrahl zu erzeugen. MOPA Systeme sind durch Ihre pr\u00e4ziseren M\u00f6glichkeiten zur Ansteuerung oft die bessere Wahl.<\/p>\t\t\t\t\t\t\t\t<\/div>\n\t\t\t\t<div class=\"elementor-element elementor-element-cd9124d elementor-widget elementor-widget-heading\" data-id=\"cd9124d\" data-element_type=\"widget\" data-e-type=\"widget\" data-widget_type=\"heading.default\">\n\t\t\t\t\t<h3 class=\"elementor-heading-title elementor-size-default\">Ventajas de los l\u00e1seres de fibra MOPA<\/h3>\t\t\t\t<\/div>\n\t\t\t\t<div class=\"elementor-element elementor-element-cb2315f elementor-widget elementor-widget-text-editor\" data-id=\"cb2315f\" data-element_type=\"widget\" data-e-type=\"widget\" data-widget_type=\"text-editor.default\">\n\t\t\t\t\t\t\t\t\t<p>Bei MOPA Systemen wird das Laserlicht langsam und kontrolliert erzeugt. Danach wird es verst\u00e4rkt. Das ist \u00e4hnlich, wie wenn man langsam einen Wasserhahn aufdreht und dann das Wasser st\u00e4rker flie\u00dfen l\u00e4sst. Dies erm\u00f6glicht eine pr\u00e4zise Steuerung der Pulsenergie und der Pulsdauer.<\/p><p>Diese Flexibilit\u00e4t macht MOPA-Laser ideal f\u00fcr Anwendungen, die eine genaue Kontrolle der Lichtleistung brauchen. &#8211; Dazu geh\u00f6rt die Laserbeschriftung von Produkten.<\/p><p>MOPA Laser bieten einen gro\u00dfen m\u00f6glichen Bereich zur Ansteuerung der Frequenz und zus\u00e4tzlich auch eine einstellbare Pulsweite. Damit k\u00f6nnen sie hervorragende Anlassbeschriftungen erzeugen. Auch viele Kunststoffe lassen sich damit lasermarkieren.<\/p>\t\t\t\t\t\t\t\t<\/div>\n\t\t\t\t<div class=\"elementor-element elementor-element-903d9d1 elementor-widget elementor-widget-heading\" data-id=\"903d9d1\" data-element_type=\"widget\" data-e-type=\"widget\" data-widget_type=\"heading.default\">\n\t\t\t\t\t<h3 class=\"elementor-heading-title elementor-size-default\">L\u00e1seres de conmutaci\u00f3n de Q comparados con los de MOPA<\/h3>\t\t\t\t<\/div>\n\t\t\t\t<div class=\"elementor-element elementor-element-9a0fd0e elementor-widget elementor-widget-text-editor\" data-id=\"9a0fd0e\" data-element_type=\"widget\" data-e-type=\"widget\" data-widget_type=\"text-editor.default\">\n\t\t\t\t\t\t\t\t\t<p>Q-Switched Laser erzeugen sehr schnelle und starke Laserpulse. Diese kurzen, starken Pulse sind gut f\u00fcr Anwendungen, die hohe Leistung brauchen. Ein Beispiel ist die Tiefengravur von Metallen.<\/p><p>Q-Switched Faserlaser bieten weniger Flexibilit\u00e4t. Sie haben eine eingeschr\u00e4nkte Steuerung der Pulsenergie und der Pulsdauer. Das ist im Vergleich zu MOPA-Lasern. Die Pulsweite ist hier fest und nicht einstellbar zudem ist der Frequenzbereich zu einem MOPA Ger\u00e4t eher klein.<\/p>\t\t\t\t\t\t\t\t<\/div>\n\t\t\t\t<div class=\"elementor-element elementor-element-5a39c49 elementor-widget elementor-widget-heading\" data-id=\"5a39c49\" data-element_type=\"widget\" data-e-type=\"widget\" data-widget_type=\"heading.default\">\n\t\t\t\t\t<h3 class=\"elementor-heading-title elementor-size-default\">L\u00e1ser de fibra MOPA o Q-Switched: Deber\u00eda comprar \u00e9ste<\/h3>\t\t\t\t<\/div>\n\t\t\t\t<div class=\"elementor-element elementor-element-6b25587 elementor-widget elementor-widget-text-editor\" data-id=\"6b25587\" data-element_type=\"widget\" data-e-type=\"widget\" data-widget_type=\"text-editor.default\">\n\t\t\t\t\t\t\t\t\t<p>Zusammenfassend bieten MOPA Faserlaser eine genaue Steuerung und bessere Wiederholbarkeit der Lichtparameter. Q-Switched Laser sind gut f\u00fcr Anwendungen mit hoher Spitzenleistung. Sie bieten jedoch weniger Flexibilit\u00e4t bei der Steuerung.<\/p><p>Letztendlich h\u00e4ngt die Wahl zwischen den beiden Systemen von den spezifischen Anforderungen der Anwendung ab. In der Regel ist f\u00fcr die meisten Anwender aber eine MOPA Variante die bessere Wahl.<\/p>\t\t\t\t\t\t\t\t<\/div>\n\t\t\t\t\t<\/div>\n\t\t<\/div>\n\t\t\t\t\t<\/div>\n\t\t<\/section>\n\t\t\t\t<section class=\"elementor-section elementor-top-section elementor-element elementor-element-ee59999 elementor-section-boxed elementor-section-height-default elementor-section-height-default\" data-id=\"ee59999\" data-element_type=\"section\" data-e-type=\"section\" data-settings=\"{&quot;background_background&quot;:&quot;classic&quot;}\">\n\t\t\t\t\t\t\t<div class=\"elementor-background-overlay\"><\/div>\n\t\t\t\t\t\t\t<div class=\"elementor-container elementor-column-gap-default\">\n\t\t\t\t\t<div class=\"elementor-column elementor-col-100 elementor-top-column elementor-element elementor-element-9548c00\" data-id=\"9548c00\" data-element_type=\"column\" data-e-type=\"column\">\n\t\t\t<div class=\"elementor-widget-wrap elementor-element-populated\">\n\t\t\t\t\t\t<div class=\"elementor-element elementor-element-1ea26ac elementor-widget elementor-widget-heading\" data-id=\"1ea26ac\" data-element_type=\"widget\" data-e-type=\"widget\" data-widget_type=\"heading.default\">\n\t\t\t\t\t<h2 class=\"elementor-heading-title elementor-size-default\">L\u00e1seres de fibra: \u00e1mbitos de uso y aplicaciones<\/h2>\t\t\t\t<\/div>\n\t\t\t\t<section class=\"elementor-section elementor-inner-section elementor-element elementor-element-1d0228f elementor-section-boxed elementor-section-height-default elementor-section-height-default\" data-id=\"1d0228f\" data-element_type=\"section\" data-e-type=\"section\">\n\t\t\t\t\t\t<div class=\"elementor-container elementor-column-gap-default\">\n\t\t\t\t\t<div class=\"elementor-column elementor-col-50 elementor-inner-column elementor-element elementor-element-54248916\" data-id=\"54248916\" data-element_type=\"column\" data-e-type=\"column\">\n\t\t\t<div class=\"elementor-widget-wrap elementor-element-populated\">\n\t\t\t\t\t\t<div class=\"elementor-element elementor-element-109a962 elementor-widget elementor-widget-video\" data-id=\"109a962\" data-element_type=\"widget\" data-e-type=\"widget\" data-settings=\"{&quot;video_type&quot;:&quot;hosted&quot;,&quot;mute&quot;:&quot;yes&quot;,&quot;controls&quot;:&quot;yes&quot;}\" data-widget_type=\"video.default\">\n\t\t\t\t\t\t\t<div class=\"e-hosted-video elementor-wrapper elementor-open-inline\">\n\t\t\t\t\t<video class=\"elementor-video\" src=\"https:\/\/grossmann-lasertechnik.de\/wp-content\/uploads\/2025\/04\/Potentialverteiler_1280x720_16zu9_30fps_gut-compressed.mp4\" controls=\"\" preload=\"metadata\" muted=\"muted\" controlslist=\"nodownload\"><\/video>\n\t\t\t\t<\/div>\n\t\t\t\t\t\t<\/div>\n\t\t\t\t\t<\/div>\n\t\t<\/div>\n\t\t\t\t<div class=\"elementor-column elementor-col-50 elementor-inner-column elementor-element elementor-element-350472a3\" data-id=\"350472a3\" data-element_type=\"column\" data-e-type=\"column\">\n\t\t\t<div class=\"elementor-widget-wrap elementor-element-populated\">\n\t\t\t\t\t\t<div class=\"elementor-element elementor-element-38614f19 elementor-widget elementor-widget-video\" data-id=\"38614f19\" data-element_type=\"widget\" data-e-type=\"widget\" data-settings=\"{&quot;video_type&quot;:&quot;hosted&quot;,&quot;controls&quot;:&quot;yes&quot;}\" data-widget_type=\"video.default\">\n\t\t\t\t\t\t\t<div class=\"e-hosted-video elementor-wrapper elementor-open-inline\">\n\t\t\t\t\t<video class=\"elementor-video\" src=\"https:\/\/grossmann-lasertechnik.de\/wp-content\/uploads\/2025\/04\/Kupferfolie_1280x720_16zu9_30fps_gut-compressed.mp4\" controls=\"\" preload=\"metadata\" controlslist=\"nodownload\"><\/video>\n\t\t\t\t<\/div>\n\t\t\t\t\t\t<\/div>\n\t\t\t\t\t<\/div>\n\t\t<\/div>\n\t\t\t\t\t<\/div>\n\t\t<\/section>\n\t\t\t\t<section class=\"elementor-section elementor-inner-section elementor-element elementor-element-0eba312 elementor-section-boxed elementor-section-height-default elementor-section-height-default\" data-id=\"0eba312\" data-element_type=\"section\" data-e-type=\"section\">\n\t\t\t\t\t\t<div class=\"elementor-container elementor-column-gap-default\">\n\t\t\t\t\t<div class=\"elementor-column elementor-col-50 elementor-inner-column elementor-element elementor-element-022f2ca\" data-id=\"022f2ca\" data-element_type=\"column\" data-e-type=\"column\">\n\t\t\t<div class=\"elementor-widget-wrap elementor-element-populated\">\n\t\t\t\t\t\t<div class=\"elementor-element elementor-element-1fbde42 elementor-widget elementor-widget-video\" data-id=\"1fbde42\" data-element_type=\"widget\" data-e-type=\"widget\" data-settings=\"{&quot;video_type&quot;:&quot;hosted&quot;,&quot;mute&quot;:&quot;yes&quot;,&quot;controls&quot;:&quot;yes&quot;}\" data-widget_type=\"video.default\">\n\t\t\t\t\t\t\t<div class=\"e-hosted-video elementor-wrapper elementor-open-inline\">\n\t\t\t\t\t<video class=\"elementor-video\" src=\"https:\/\/grossmann-lasertechnik.de\/wp-content\/uploads\/2025\/04\/Alu_Typenschild_1280x720_16zu9_30fps_gut-2-compressed.mp4\" controls=\"\" preload=\"metadata\" muted=\"muted\" controlslist=\"nodownload\"><\/video>\n\t\t\t\t<\/div>\n\t\t\t\t\t\t<\/div>\n\t\t\t\t\t<\/div>\n\t\t<\/div>\n\t\t\t\t<div class=\"elementor-column elementor-col-50 elementor-inner-column elementor-element elementor-element-750d2cd\" data-id=\"750d2cd\" data-element_type=\"column\" data-e-type=\"column\">\n\t\t\t<div class=\"elementor-widget-wrap elementor-element-populated\">\n\t\t\t\t\t\t<div class=\"elementor-element elementor-element-88f9a1c elementor-widget elementor-widget-video\" data-id=\"88f9a1c\" data-element_type=\"widget\" data-e-type=\"widget\" data-settings=\"{&quot;video_type&quot;:&quot;hosted&quot;,&quot;controls&quot;:&quot;yes&quot;}\" data-widget_type=\"video.default\">\n\t\t\t\t\t\t\t<div class=\"e-hosted-video elementor-wrapper elementor-open-inline\">\n\t\t\t\t\t<video class=\"elementor-video\" src=\"https:\/\/grossmann-lasertechnik.de\/wp-content\/uploads\/2025\/04\/Alu_eloxiert_1280x720_16zu9_30fps_gut-compressed.mp4\" controls=\"\" preload=\"metadata\" controlslist=\"nodownload\"><\/video>\n\t\t\t\t<\/div>\n\t\t\t\t\t\t<\/div>\n\t\t\t\t\t<\/div>\n\t\t<\/div>\n\t\t\t\t\t<\/div>\n\t\t<\/section>\n\t\t\t\t<div class=\"elementor-element elementor-element-a30e472 elementor-widget elementor-widget-text-editor\" data-id=\"a30e472\" data-element_type=\"widget\" data-e-type=\"widget\" data-widget_type=\"text-editor.default\">\n\t\t\t\t\t\t\t\t\t<p><span style=\"color: #ffffff; text-transform: uppercase;\"><strong>Marcado por l\u00e1ser en metales y pl\u00e1sticos<\/strong><\/span><\/p><p><span style=\"color: #ffffff;\">Faserlaser werden in der Industrie zur Laserbeschriftung von Metallen, Kunststoffen, Keramiken, Glas und anderen Materialien verwendet. Sie k\u00f6nnen Logos, Seriennummern, Barcodes, QR-Codes, Texte und andere Informationen pr\u00e4zise und dauerhaft aufbringen.<\/span><\/p><p>\u00a0<\/p><p><span style=\"color: #ffffff; text-transform: uppercase;\"><strong>Marcaje de componentes mediante l\u00e1ser de fibra en la industria del autom\u00f3vil\u00a0<\/strong><\/span><\/p><p><span style=\"color: #ffffff;\">In der Automobilindustrie werden Faserlaser zur Laserbeschriftung oder Lasergravur von Ersatzteilen, Komponenten und Werkzeugen eingesetzt. Das k\u00f6nnen beispielsweise Motorbl\u00f6cke, Getriebekomponenten, Ventile oder Kunststoffteile sein. Die Lasermarkierungen dienen der R\u00fcckverfolgbarkeit, Identifikation und Qualit\u00e4tssicherung.<\/span><\/p><p>\u00a0<\/p><p><span style=\"color: #ffffff; text-transform: uppercase;\"><strong>Etiquetado de productos en la industria electr\u00f3nica<\/strong><\/span><\/p><p><span style=\"color: #ffffff;\">Faserlaser werden zur Lasermarkierung von elektronischen Bauteilen, Leiterplatten und Mikrochips verwendet. Sie k\u00f6nnen winzige Codes, Seriennummern oder spezifische Informationen aufbringen, ohne die empfindlichen Bauteile zu besch\u00e4digen.<\/span><\/p><p>\u00a0<\/p><p><span style=\"color: #ffffff; text-transform: uppercase;\"><strong>Laserbeschriften von medizinischen Ger\u00e4ten und Instrumente<\/strong><\/span><\/p><p><span style=\"color: #ffffff;\">Faserlaser finden Anwendung in der Medizintechnik zur Laserbeschriftung von chirurgischen Instrumenten, medizinischen Ger\u00e4ten, Implantaten oder Verpackungen. Die pr\u00e4zisen Markierungen erm\u00f6glichen eine eindeutige Identifikation, R\u00fcckverfolgbarkeit und Sterilisation.<\/span><\/p><p>\u00a0<\/p><p><span style=\"color: #ffffff; text-transform: uppercase;\"><strong>L\u00e1seres de fibra en la industria joyera, relojera y publicitaria<\/strong><\/span><\/p><p><span style=\"color: #ffffff;\">Faserlaser werden f\u00fcr die individuelle Lasergravuren von Schmuckst\u00fccken, Uhren, Edelmetallen und Edelsteinen verwendet. Sie k\u00f6nnen feine Details, Muster und personalisierte Informationen aufbringen.<\/span><\/p><p>\u00a0<\/p><p><span style=\"color: #ffffff; text-transform: uppercase;\"><strong>Industria del embalaje<\/strong><\/span><\/p><p><span style=\"color: #ffffff;\">Faserlaser erm\u00f6glichen die Laserkennzeichnung von Verpackungen, Etiketten und Folienmaterialien. Sie k\u00f6nnen beispielsweise Herstellerinformationen, Verfallsdaten, Chargencodes oder Logos aufbringen.<\/span><\/p><p>\u00a0<\/p><p><span style=\"color: #ffffff; text-transform: uppercase;\"><strong>Lebensmittel- und Getr\u00e4nkeindustrie<\/strong><\/span><\/p><p><span style=\"color: #ffffff;\">Faserlaser finden Anwendung in der Kennzeichnung von Lebensmitteln und Getr\u00e4nken, insbesondere bei Glasflaschen, Dosen oder Verpackungen. Sie k\u00f6nnen Barcodes, Produktinformationen, Seriennummern oder Qualit\u00e4tskennzeichnungen pr\u00e4zise aufbringen.<\/span><\/p><p>\u00a0<\/p><p><span style=\"color: #ffffff;\">Die Einsatzgebiete von Faserlasern zum Laserbeschriften und Lasergravieren sind vielf\u00e4ltig und reichen \u00fcber verschiedene Branchen hinweg. Die pr\u00e4zisen und dauerhaften Kennzeichnungen erm\u00f6glichen eine verbesserte R\u00fcckverfolgbarkeit, Identifikation, Qualit\u00e4tskontrolle und Branding von Produkten und Komponenten.<\/span><\/p>\t\t\t\t\t\t\t\t<\/div>\n\t\t\t\t\t<\/div>\n\t\t<\/div>\n\t\t\t\t\t<\/div>\n\t\t<\/section>\n\t\t\t\t<section class=\"elementor-section elementor-top-section elementor-element elementor-element-167ac2c elementor-section-boxed elementor-section-height-default elementor-section-height-default\" data-id=\"167ac2c\" data-element_type=\"section\" data-e-type=\"section\" data-settings=\"{&quot;background_background&quot;:&quot;classic&quot;}\">\n\t\t\t\t\t\t<div class=\"elementor-container elementor-column-gap-default\">\n\t\t\t\t\t<div class=\"elementor-column elementor-col-100 elementor-top-column elementor-element elementor-element-ec1d9ac\" data-id=\"ec1d9ac\" data-element_type=\"column\" data-e-type=\"column\">\n\t\t\t<div class=\"elementor-widget-wrap elementor-element-populated\">\n\t\t\t\t\t\t<div class=\"elementor-element elementor-element-c6b45c7 elementor-widget elementor-widget-heading\" data-id=\"c6b45c7\" data-element_type=\"widget\" data-e-type=\"widget\" data-widget_type=\"heading.default\">\n\t\t\t\t\t<h2 class=\"elementor-heading-title elementor-size-default\">\u00bfQu\u00e9 materiales puede grabar un l\u00e1ser de fibra?<\/h2>\t\t\t\t<\/div>\n\t\t\t\t<div class=\"elementor-element elementor-element-472e3a4 elementor-widget elementor-widget-text-editor\" data-id=\"472e3a4\" data-element_type=\"widget\" data-e-type=\"widget\" data-widget_type=\"text-editor.default\">\n\t\t\t\t\t\t\t\t\t<div class=\"flex flex-grow flex-col gap-3\"><div class=\"markdown prose w-full break-words dark:prose-invert light\"><p>Faserlaser sind vielseitig und k\u00f6nnen eine breite Palette von Materialien f\u00fcr verschiedene Anwendungen verarbeiten.<br \/><span style=\"font-style: inherit; font-weight: inherit;\">Faserlaser k\u00f6nnen gravieren, tiefengravieren, anlassen und entschichten\u00a0(z.B. gepulverte oder lackierte Bauteilen).<\/span><\/p><p><span style=\"font-style: inherit; font-weight: inherit;\">Folgend einige Beispiele f\u00fcr Materialien, die mit einem Faserlaser verarbeitet werden k\u00f6nnen:<\/span><\/p><p><span style=\"font-style: inherit; font-weight: inherit;\">\u00a0<\/span><\/p><h3 style=\"text-transform: uppercase;\"><strong>Etiquetado de metales y pl\u00e1sticos<\/strong><\/h3><ul><li>Metales: acero, acero inoxidable, aluminio, cobre, lat\u00f3n, titanio<\/li><li>Pl\u00e1sticos: Acr\u00edlico, ABS, PET, PETG, PC, PMMA y muchos m\u00e1s. (con ancho de pulso ajustable)<\/li><li>Cer\u00e1mica<\/li><\/ul><h3 style=\"text-transform: uppercase;\"><strong>Grabado profundo de metales<\/strong><\/h3><ul><li>Metales: acero, acero inoxidable, aluminio, cobre, lat\u00f3n<\/li><li>Otros metales duros<\/li><li>Cer\u00e1mica<\/li><li>Pl\u00e1sticos duros<\/li><\/ul><h3 style=\"text-transform: uppercase;\"><strong>Etiquetado de recocido en metales con tecnolog\u00eda MOPA<\/strong><\/h3><ul><li>Acero inoxidable<\/li><li>Aluminio anodizado<\/li><li>Titanio<\/li><li>lat\u00f3n<\/li><\/ul><h3 style=\"text-transform: uppercase;\"><strong>Entschichten von beschichteten Oberfl\u00e4chen mit einem Faserlaser<\/strong><\/h3><ul><li>Recubrimientos de color: Pinturas, barnices, recubrimientos en polvo<\/li><li>Capas de oxidaci\u00f3n: Capas anodizadas sobre metales<\/li><li>Recubrimientos protectores: Lacas protectoras, revestimientos pl\u00e1sticos<\/li><li>Pistas conductoras: Pistas electr\u00f3nicas en placas de circuitos impresos<\/li><li>W\u00e4rmeleitpasten: Thermische Verbindungen auf elektronischen Bauteilen<\/li><\/ul><p>Die Bearbeitbarkeit h\u00e4ngt von verschiedenen Faktoren ab. Dazu geh\u00f6ren die Leistung, die Fokussierungsoptik, die Laserparameter und die Anforderungen der Anwendung.<\/p><\/div><\/div>\t\t\t\t\t\t\t\t<\/div>\n\t\t\t\t\t<\/div>\n\t\t<\/div>\n\t\t\t\t\t<\/div>\n\t\t<\/section>\n\t\t\t\t<section class=\"elementor-section elementor-top-section elementor-element elementor-element-e910f96 elementor-section-boxed elementor-section-height-default elementor-section-height-default\" data-id=\"e910f96\" data-element_type=\"section\" data-e-type=\"section\" data-settings=\"{&quot;background_background&quot;:&quot;classic&quot;}\">\n\t\t\t\t\t\t\t<div class=\"elementor-background-overlay\"><\/div>\n\t\t\t\t\t\t\t<div class=\"elementor-container elementor-column-gap-default\">\n\t\t\t\t\t<div class=\"elementor-column elementor-col-100 elementor-top-column elementor-element elementor-element-a1d3e65\" data-id=\"a1d3e65\" data-element_type=\"column\" data-e-type=\"column\">\n\t\t\t<div class=\"elementor-widget-wrap elementor-element-populated\">\n\t\t\t\t\t\t<div class=\"elementor-element elementor-element-a80b7fc elementor-widget elementor-widget-heading\" data-id=\"a80b7fc\" data-element_type=\"widget\" data-e-type=\"widget\" data-widget_type=\"heading.default\">\n\t\t\t\t\t<h2 class=\"elementor-heading-title elementor-size-default\">\u00bfCu\u00e1nta potencia necesita un l\u00e1ser de fibra?<\/h2>\t\t\t\t<\/div>\n\t\t\t\t<div class=\"elementor-element elementor-element-7988d06 elementor-widget elementor-widget-text-editor\" data-id=\"7988d06\" data-element_type=\"widget\" data-e-type=\"widget\" data-widget_type=\"text-editor.default\">\n\t\t\t\t\t\t\t\t\t<p>Bei der Auswahl eines Faserlasers f\u00fcr\u00a0<strong>Grabados l\u00e1ser<\/strong>\u00a0und Laserbeschriftungen von Kunststoffen und Metallen stehen verschiedene Laserleistungen zur Verf\u00fcgung. Die genaue Laserleistung, die Sie ben\u00f6tigen, h\u00e4ngt von verschiedenen Faktoren ab. Darunter das zu bearbeitende Material, die gew\u00fcnschte Gravurtiefe und die Produktionsgeschwindigkeit.<\/p><p>\u00a0<\/p><h3><span style=\"color: #ffffff;\"><strong>L\u00e1ser de fibra de baja potencia (hasta 20 W)<\/strong><\/span><\/h3><p>Niedrigleistungs-Faserlaser sind gut f\u00fcr einfache Laserbeschriftungen auf Kunststoffen und d\u00fcnnen Metallbeschichtungen. Diese Laser sind meist g\u00fcnstig. Sie sind ideal f\u00fcr kleine Produktionsumgebungen oder den Einsatz in Laboren.<\/p><p>Die Gravurfl\u00e4che sollte einen Bereich von 110 x 110 mm nicht \u00fcberschreiten.<\/p><p>\u00a0<\/p><h3><span style=\"color: #ffffff;\"><strong>Marcador l\u00e1ser de potencia media (hasta 60 W)<\/strong><\/span><\/h3><p>Faserlaser mit mittlerer Leistung liegen im Bereich von 30 bis 60 Watt. Sie bieten eine gute Mischung aus Leistung und Genauigkeit. Sie sind gut f\u00fcr die Gravur von Metallen wie Edelstahl, Aluminium und Messing. Diese Laser sind in der Regel vielseitig einsetzbar und werden h\u00e4ufig in der Industrie eingesetzt.<\/p><p>Ein System mit 60W kann als ein guter Allrounder angesehen werden. Man sollte Faserlaser f\u00fcr den gewerblichen oder industriellen Gebrauch nicht unter 30W nutzen. So kann man flexibel auf Ver\u00e4nderungen reagieren.<\/p><p>\u00a0<\/p><h3><span style=\"color: #ffffff;\"><strong>L\u00e1ser de marcado de alta potencia (&gt; 80W)<\/strong><\/span><\/h3><p>Faserlaser in dieser Leistungsklasse sind in der Lage, tiefe und sehr schnelle Gravuren in Metallen durchzuf\u00fchren. Sie bieten eine hohe Produktionsgeschwindigkeit und sind ideal f\u00fcr anspruchsvolle Anwendungen in der Metallbearbeitung und der industriellen Fertigung.<\/p><p>Laser mit dieser Leistung werden auch gerne im Schmuckbereich zum Schneiden von D\u00fcnnblechen bis 1mm, f\u00fcr z.B. Namensketten, verwendet.<\/p><p>Es ist wichtig zu wissen, dass die Laserleistung von anderen Faktoren abh\u00e4ngt. Dazu geh\u00f6ren der Strahldurchmesser und die Fokussierung des Lasers. Ein breiterer Strahldurchmesser kann in manchen Anwendungen n\u00fctzlich sein. Ein enger, fokussierter Strahl hat jedoch eine h\u00f6here Energiedichte.<\/p><p>Bei der Auswahl der Laserleistung sollten Sie die Anforderungen Ihrer Anwendung beachten. Denken Sie an die Materialien, die Sie bearbeiten m\u00f6chten, und an Ihre gew\u00fcnschte Produktionsrate. Es ist ratsam, Experten um Rat zu fragen. So finden Sie die beste Laserleistung f\u00fcr Ihre speziellen Bed\u00fcrfnisse.<\/p>\t\t\t\t\t\t\t\t<\/div>\n\t\t\t\t\t<\/div>\n\t\t<\/div>\n\t\t\t\t\t<\/div>\n\t\t<\/section>\n\t\t\t\t<section class=\"elementor-section elementor-top-section elementor-element elementor-element-2935733 elementor-section-boxed elementor-section-height-default elementor-section-height-default\" data-id=\"2935733\" data-element_type=\"section\" data-e-type=\"section\" data-settings=\"{&quot;background_background&quot;:&quot;classic&quot;}\">\n\t\t\t\t\t\t\t<div class=\"elementor-background-overlay\"><\/div>\n\t\t\t\t\t\t\t<div class=\"elementor-container elementor-column-gap-default\">\n\t\t\t\t\t<div class=\"elementor-column elementor-col-100 elementor-top-column elementor-element elementor-element-202fda4\" data-id=\"202fda4\" data-element_type=\"column\" data-e-type=\"column\">\n\t\t\t<div class=\"elementor-widget-wrap elementor-element-populated\">\n\t\t\t\t\t\t<div class=\"elementor-element elementor-element-72059b7 elementor-widget elementor-widget-heading\" data-id=\"72059b7\" data-element_type=\"widget\" data-e-type=\"widget\" data-widget_type=\"heading.default\">\n\t\t\t\t\t<h2 class=\"elementor-heading-title elementor-size-default\">Esta es la vida \u00fatil de un l\u00e1ser de fibra<\/h2>\t\t\t\t<\/div>\n\t\t\t\t<div class=\"elementor-element elementor-element-f18261d elementor-widget elementor-widget-text-editor\" data-id=\"f18261d\" data-element_type=\"widget\" data-e-type=\"widget\" data-widget_type=\"text-editor.default\">\n\t\t\t\t\t\t\t\t\t<p>Die Lebensdauer von Lasern kann stark variieren und wird von verschiedenen Faktoren beeinflusst, einschlie\u00dflich der Art des Lasers, der Qualit\u00e4t der verwendeten Komponenten, der Betriebsbedingungen und der Wartung. Hier sind grobe Sch\u00e4tzungen f\u00fcr die Lebensdauern von Faserlasern, CO2-Lasern (Glasr\u00f6hre und Metallr\u00f6hre) und UV-Lasern:<\/p>\t\t\t\t\t\t\t\t<\/div>\n\t\t\t\t<div class=\"elementor-element elementor-element-5ad5e0d elementor-widget elementor-widget-heading\" data-id=\"5ad5e0d\" data-element_type=\"widget\" data-e-type=\"widget\" data-widget_type=\"heading.default\">\n\t\t\t\t\t<h3 class=\"elementor-heading-title elementor-size-default\">Comparaci\u00f3n de la vida \u00fatil de los l\u00e1seres de fibra, CO2 y UV<\/h3>\t\t\t\t<\/div>\n\t\t\t\t<div class=\"elementor-element elementor-element-e70df0f elementor-widget elementor-widget-bar_google_chart\" data-id=\"e70df0f\" data-element_type=\"widget\" data-e-type=\"widget\" data-widget_type=\"bar_google_chart.default\">\n\t\t\t\t<div class=\"elementor-widget-container\">\n\t\t\t\t\t<div class=\"\">\n\t<div>\n\t\t\n\t\t\t<\/div>\n\t\n<div class=\"chart-box\">\n\t<div class=\"google-chart-texture\">\n\t\t<p>No Data Found<\/p>\n\t<\/div>\n\t<div class=\"graphina-google-chart\"\n\t\tdata-chart_type=\"bar_google\"\n\t\tdata-chart_type_static=\"BarChart\"\n\t\tdata-element_id=\"e70df0f\"\n\t\tdata-chart_options='{&quot;titleTextStyle&quot;:{&quot;fontName&quot;:&quot;Poppins&quot;,&quot;color&quot;:&quot;&quot;,&quot;fontSize&quot;:&quot;&quot;},&quot;chartArea&quot;:{&quot;left&quot;:&quot;10%&quot;,&quot;right&quot;:&quot;5%&quot;},&quot;height&quot;:350,&quot;chartType&quot;:&quot;&quot;,&quot;series&quot;:[{&quot;lineWidth&quot;:2,&quot;lineDashStyle&quot;:null,&quot;pointShow&quot;:false,&quot;pointSize&quot;:null,&quot;pointShape&quot;:null,&quot;targetAxisIndex&quot;:0}],&quot;tooltip&quot;:{&quot;showColorCode&quot;:true,&quot;textStyle&quot;:{&quot;color&quot;:&quot;&quot;},&quot;trigger&quot;:&quot;none&quot;},&quot;backgroundColor&quot;:&quot;#FFFFFF&quot;,&quot;colors&quot;:[&quot;#0A1524&quot;],&quot;legend&quot;:{&quot;position&quot;:&quot;top&quot;,&quot;textStyle&quot;:{&quot;fontSize&quot;:12,&quot;color&quot;:&quot;black&quot;},&quot;alignment&quot;:&quot;start&quot;},&quot;annotations&quot;:{&quot;stemColor&quot;:&quot;&quot;,&quot;textStyle&quot;:{&quot;fontName&quot;:&quot;Poppins&quot;,&quot;fontSize&quot;:&quot;&quot;,&quot;color&quot;:&quot;&quot;,&quot;auraColor&quot;:&quot;&quot;,&quot;opacity&quot;:&quot;&quot;}},&quot;isStacked&quot;:&quot;absolute&quot;,&quot;animation&quot;:{&quot;startup&quot;:false,&quot;duration&quot;:&quot;&quot;,&quot;easing&quot;:&quot;&quot;},&quot;hAxis&quot;:{&quot;format&quot;:&quot;decimal&quot;,&quot;slantedText&quot;:false,&quot;slantedTextAngle&quot;:&quot;&quot;,&quot;direction&quot;:1,&quot;title&quot;:&quot;&quot;,&quot;titleTextStyle&quot;:{&quot;fontName&quot;:&quot;Poppins&quot;,&quot;color&quot;:&quot;&quot;,&quot;fontSize&quot;:&quot;&quot;},&quot;textStyle&quot;:{&quot;fontName&quot;:&quot;Poppins&quot;,&quot;color&quot;:&quot;#000000&quot;,&quot;fontSize&quot;:11},&quot;scaleType&quot;:&quot;&quot;,&quot;textPosition&quot;:&quot;out&quot;,&quot;gridlines&quot;:{&quot;color&quot;:&quot;#cccccc&quot;,&quot;count&quot;:5}},&quot;vAxis&quot;:{&quot;viewWindowMode&quot;:&quot;explicit&quot;,&quot;viewWindow&quot;:{&quot;max&quot;:&quot;&quot;,&quot;min&quot;:&quot;&quot;},&quot;direction&quot;:1,&quot;title&quot;:&quot;&quot;,&quot;logScale&quot;:&quot;fasle&quot;,&quot;scaleType&quot;:&quot;&quot;,&quot;titleTextStyle&quot;:{&quot;fontName&quot;:&quot;Poppins&quot;,&quot;color&quot;:&quot;&quot;,&quot;fontSize&quot;:&quot;&quot;},&quot;textStyle&quot;:{&quot;fontName&quot;:&quot;Poppins&quot;,&quot;color&quot;:&quot;#000000&quot;,&quot;fontSize&quot;:12},&quot;textPosition&quot;:&quot;out&quot;,&quot;format&quot;:&quot;decimal&quot;,&quot;baselineColor&quot;:&quot;#cccccc&quot;,&quot;gridlines&quot;:{&quot;color&quot;:&quot;#cccccc&quot;,&quot;count&quot;:5}},&quot;bar&quot;:{&quot;groupWidth&quot;:20}}'\n\t\tdata-chart_data='{&quot;columns&quot;:[{&quot;type&quot;:&quot;string&quot;,&quot;label&quot;:&quot;Category&quot;},{&quot;type&quot;:&quot;number&quot;,&quot;label&quot;:&quot;Durschnittlich erwartete Lebensdauer in Stunden&quot;}],&quot;rows&quot;:[[&quot;Faserlaser&quot;,80000],[&quot;CO2 Metallr\\u00f6hre&quot;,30000],[&quot;CO2 Glasr\\u00f6hre&quot;,20000],[&quot;UV-Laser&quot;,15000]]}'\n\t\tdata-extra_data='{&quot;show_annotation&quot;:false,&quot;chart_annotation_prefix_postfix&quot;:false,&quot;chart_annotation_prefix&quot;:&quot;&quot;,&quot;chart_data_series_count_dynamic&quot;:1,&quot;chart_annotation_postfix&quot;:&quot;&quot;,&quot;chart_data_option&quot;:false,&quot;chart_csv_column_wise_enable&quot;:false,&quot;chart_dynamic_data_option&quot;:&quot;&quot;,&quot;chart_csv_x_columns&quot;:&quot;&quot;,&quot;chart_csv_y_columns&quot;:&quot;&quot;,&quot;chart_csv_x_columns_sql&quot;:&quot;&quot;,&quot;chart_csv_y_columns_sql&quot;:&quot;&quot;,&quot;element_import_from_table_dynamic_key&quot;:&quot;&quot;,&quot;current_post_id&quot;:34387,&quot;graphina_prefix&quot;:&quot;iq_&quot;,&quot;can_chart_reload_ajax&quot;:false,&quot;interval_data_refresh&quot;:15,&quot;is_chart_horizontal&quot;:false}'\n\t\tdata-settings='[]'\n        style=\"height: 350px\"\n\t\t>\n\t<\/div>\n<\/div>\n<script>\n    (function($) {\n        'use strict';\n        $(document).ready(function() {\n            if (window.graphinaGoogleBarChart && typeof window.graphinaGoogleBarChart.observeChartElement === 'function') {\n                window.graphinaGoogleBarChart.observeChartElement($('.graphina-google-chart[data-element_id=\"e70df0f\"]'), 'BarChart');\n            }\n        });\n    })(jQuery);\n<\/script>\t<div class=\"graphina-filter-notext graphina-e70df0f-notext\" style=\"display: none; height:350px; align-content:center\">\n\t\t<p class=\"graphina-filter-notext\" style=\"text-align: center;\">\n\t\t\tNo Data Found\t\t<\/p>\n\t<\/div>\n\n<\/div>\t\t\t\t<\/div>\n\t\t\t\t<\/div>\n\t\t\t\t<div class=\"elementor-element elementor-element-86ca9b2 elementor-widget elementor-widget-text-editor\" data-id=\"86ca9b2\" data-element_type=\"widget\" data-e-type=\"widget\" data-widget_type=\"text-editor.default\">\n\t\t\t\t\t\t\t\t\t<p><span style=\"font-style: inherit; font-weight: inherit; background-color: var( --e-global-color-b652c98 );\">Die Lebensdauer von Faserlasern ist in der Regel sehr hoch, insbesondere wenn sie ordnungsgem\u00e4\u00df gewartet werden.\u00a0<\/span><\/p><p><span style=\"font-style: inherit; font-weight: inherit; background-color: var( --e-global-color-b652c98 );\">Hochwertige Faserlaser k\u00f6nnen oft eine Lebensdauer von bis zu &gt; 80.000 Betriebsstunden erreichen.\u00a0<br \/><\/span><span style=\"background-color: var( --e-global-color-b652c98 ); font-style: inherit; font-weight: inherit;\">Faktoren wie die K\u00fchlung und der Zustand der optischen Komponenten k\u00f6nnen jedoch die Lebensdauer stark beeinflussen.<\/span><\/p>\t\t\t\t\t\t\t\t<\/div>\n\t\t\t\t\t<\/div>\n\t\t<\/div>\n\t\t\t\t\t<\/div>\n\t\t<\/section>\n\t\t\t\t<section class=\"elementor-section elementor-top-section elementor-element elementor-element-581e4736 elementor-section-content-middle elementor-section-boxed elementor-section-height-default elementor-section-height-default\" data-id=\"581e4736\" data-element_type=\"section\" data-e-type=\"section\" data-settings=\"{&quot;background_background&quot;:&quot;classic&quot;}\">\n\t\t\t\t\t\t\t<div class=\"elementor-background-overlay\"><\/div>\n\t\t\t\t\t\t\t<div class=\"elementor-container elementor-column-gap-default\">\n\t\t\t\t\t<div class=\"elementor-column elementor-col-100 elementor-top-column elementor-element elementor-element-648d80ca\" data-id=\"648d80ca\" data-element_type=\"column\" data-e-type=\"column\">\n\t\t\t<div class=\"elementor-widget-wrap elementor-element-populated\">\n\t\t\t\t\t\t<section class=\"elementor-section elementor-inner-section elementor-element elementor-element-61a9bbcc elementor-section-boxed elementor-section-height-default elementor-section-height-default\" data-id=\"61a9bbcc\" data-element_type=\"section\" data-e-type=\"section\">\n\t\t\t\t\t\t<div class=\"elementor-container elementor-column-gap-default\">\n\t\t\t\t\t<div class=\"elementor-column elementor-col-100 elementor-inner-column elementor-element elementor-element-29c4d2e8\" data-id=\"29c4d2e8\" data-element_type=\"column\" data-e-type=\"column\">\n\t\t\t<div class=\"elementor-widget-wrap elementor-element-populated\">\n\t\t\t\t\t\t<div class=\"elementor-element elementor-element-2526a207 elementor-widget elementor-widget-heading\" data-id=\"2526a207\" data-element_type=\"widget\" data-e-type=\"widget\" data-widget_type=\"heading.default\">\n\t\t\t\t\t<div class=\"elementor-heading-title elementor-size-default\">Comprar l\u00e1seres de fibra en Alemania<\/div>\t\t\t\t<\/div>\n\t\t\t\t<div class=\"elementor-element elementor-element-23b09656 elementor-widget elementor-widget-heading\" data-id=\"23b09656\" data-element_type=\"widget\" data-e-type=\"widget\" data-widget_type=\"heading.default\">\n\t\t\t\t\t<span class=\"elementor-heading-title elementor-size-default\">D\u00e9jese asesorar:\n<a href=\"tel:+4929526799745\">+49 (0) 2952 67 99 745 <\/a><\/span>\t\t\t\t<\/div>\n\t\t\t\t\t<\/div>\n\t\t<\/div>\n\t\t\t\t\t<\/div>\n\t\t<\/section>\n\t\t\t\t\t<\/div>\n\t\t<\/div>\n\t\t\t\t\t<\/div>\n\t\t<\/section>\n\t\t\t\t<section class=\"elementor-section elementor-top-section elementor-element elementor-element-2054ae7a elementor-section-boxed elementor-section-height-default elementor-section-height-default\" data-id=\"2054ae7a\" data-element_type=\"section\" data-e-type=\"section\">\n\t\t\t\t\t\t<div class=\"elementor-container elementor-column-gap-default\">\n\t\t\t\t\t<div class=\"elementor-column elementor-col-100 elementor-top-column elementor-element elementor-element-e6fcd8d\" data-id=\"e6fcd8d\" data-element_type=\"column\" data-e-type=\"column\">\n\t\t\t<div class=\"elementor-widget-wrap elementor-element-populated\">\n\t\t\t\t\t\t<div class=\"elementor-element elementor-element-c0db0d2 elementor-widget elementor-widget-heading\" data-id=\"c0db0d2\" data-element_type=\"widget\" data-e-type=\"widget\" data-widget_type=\"heading.default\">\n\t\t\t\t\t<h2 class=\"elementor-heading-title elementor-size-default\">Kaufempfehlung f\u00fcr Ihren Beschriftungslaser<\/h2>\t\t\t\t<\/div>\n\t\t\t\t<div class=\"elementor-element elementor-element-5e7d4a12 elementor-widget elementor-widget-heading\" data-id=\"5e7d4a12\" data-element_type=\"widget\" data-e-type=\"widget\" data-widget_type=\"heading.default\">\n\t\t\t\t\t<h3 class=\"elementor-heading-title elementor-size-default\">L\u00e1ser de fibra GRAVIS para el grabado l\u00e1ser de metales y pl\u00e1sticos<\/h3>\t\t\t\t<\/div>\n\t\t\t\t<section class=\"elementor-section elementor-inner-section elementor-element elementor-element-6ad6cca5 elementor-section-boxed elementor-section-height-default elementor-section-height-default\" data-id=\"6ad6cca5\" data-element_type=\"section\" data-e-type=\"section\">\n\t\t\t\t\t\t<div class=\"elementor-container elementor-column-gap-default\">\n\t\t\t\t\t<div class=\"elementor-column elementor-col-100 elementor-inner-column elementor-element elementor-element-6b7bab19\" data-id=\"6b7bab19\" data-element_type=\"column\" data-e-type=\"column\">\n\t\t\t<div class=\"elementor-widget-wrap elementor-element-populated\">\n\t\t\t\t\t\t<div class=\"elementor-element elementor-element-19e13617 elementor-widget elementor-widget-image\" data-id=\"19e13617\" data-element_type=\"widget\" data-e-type=\"widget\" data-widget_type=\"image.default\">\n\t\t\t\t\t\t\t\t\t\t\t\t\t\t\t<img loading=\"lazy\" decoding=\"async\" width=\"210\" height=\"300\" src=\"https:\/\/grossmann-lasertechnik.de\/wp-content\/uploads\/2024\/02\/grossmann-lasersysteme-beschriftungslaser-gravis-210x300.webp\" class=\"attachment-medium size-medium wp-image-41964\" alt=\"L\u00e1ser de fibra Gravis de Gro\u00dfmann Lasertechnik GmbH\" srcset=\"https:\/\/grossmann-lasertechnik.de\/wp-content\/uploads\/2024\/02\/grossmann-lasersysteme-beschriftungslaser-gravis-210x300.webp 210w, https:\/\/grossmann-lasertechnik.de\/wp-content\/uploads\/2024\/02\/grossmann-lasersysteme-beschriftungslaser-gravis-716x1024.webp 716w, https:\/\/grossmann-lasertechnik.de\/wp-content\/uploads\/2024\/02\/grossmann-lasersysteme-beschriftungslaser-gravis-600x858.webp 600w, https:\/\/grossmann-lasertechnik.de\/wp-content\/uploads\/2024\/02\/grossmann-lasersysteme-beschriftungslaser-gravis.webp 720w\" sizes=\"auto, (max-width: 210px) 100vw, 210px\" \/>\t\t\t\t\t\t\t\t\t\t\t\t\t\t\t<\/div>\n\t\t\t\t\t<\/div>\n\t\t<\/div>\n\t\t\t\t<div class=\"elementor-column elementor-col-50 elementor-inner-column elementor-element elementor-element-62ebffd2\" data-id=\"62ebffd2\" data-element_type=\"column\" data-e-type=\"column\">\n\t\t\t<div class=\"elementor-widget-wrap elementor-element-populated\">\n\t\t\t\t\t\t<div class=\"elementor-element elementor-element-2aaedb52 elementor-widget elementor-widget-text-editor\" data-id=\"2aaedb52\" data-element_type=\"widget\" data-e-type=\"widget\" data-widget_type=\"text-editor.default\">\n\t\t\t\t\t\t\t\t\t<p><span style=\"color: #000000;\"><a style=\"font-style: inherit; font-weight: inherit; background-color: #e8ecef; color: #000000;\" href=\"https:\/\/grossmann-lasertechnik.de\/es\/faserlaser-laserbeschrifter-beschriftungslaser-gravis\/\">Den GRAVIS Faserlaser als sichere Laserl\u00f6sung f\u00fcr Ihren Betrieb.<\/a><\/span><\/p><p>Gracias a la moderna <strong>MOPA<\/strong> tecnolog\u00eda puede realizarse con la <strong><span style=\"color: #000000;\"><a style=\"color: #000000;\" href=\"https:\/\/grossmann-lasertechnik.de\/es\/faserlaser-laserbeschrifter-beschriftungslaser-gravis\/\">Gravis<\/a><\/span><\/strong> pr\u00e4zise, kontrastreiche oder auch farbige Laserbeschriftungen und Lasergravuren auf vielen Materialien herstellen.<\/p><p><span style=\"color: #000000;\"><strong><a style=\"color: #000000;\" href=\"https:\/\/grossmann-lasertechnik.de\/es\/clases-de-laser\/\" target=\"_blank\" rel=\"noopener\">Clase de protecci\u00f3n l\u00e1ser<\/a><\/strong><\/span> 1 bietet maximale Sicherheit f\u00fcr viele Anwendungsbereiche.<\/p><p>Durch die verfahrbare\u00a0 X-Achse lassen sich serienm\u00e4ssig gro\u00dfe Beschriftungsfelder realisieren, ideal f\u00fcr die Serienproduktion.<\/p>\t\t\t\t\t\t\t\t<\/div>\n\t\t\t\t<div class=\"elementor-element elementor-element-5bfc7972 elementor-widget elementor-widget-button\" data-id=\"5bfc7972\" data-element_type=\"widget\" data-e-type=\"widget\" data-widget_type=\"button.default\">\n\t\t\t\t\t\t\t\t\t\t<a class=\"elementor-button elementor-button-link elementor-size-md\" href=\"https:\/\/grossmann-lasertechnik.de\/es\/faserlaser-laserbeschrifter-beschriftungslaser-gravis\/\">\n\t\t\t\t\t\t<span class=\"elementor-button-content-wrapper\">\n\t\t\t\t\t\t\t\t\t<span class=\"elementor-button-text\">L\u00e1ser de etiquetado Gravis<\/span>\n\t\t\t\t\t<\/span>\n\t\t\t\t\t<\/a>\n\t\t\t\t\t\t\t\t<\/div>\n\t\t\t\t\t<\/div>\n\t\t<\/div>\n\t\t\t\t\t<\/div>\n\t\t<\/section>\n\t\t\t\t\t<\/div>\n\t\t<\/div>\n\t\t\t\t\t<\/div>\n\t\t<\/section>\n\t\t\t\t<\/div>","protected":false},"excerpt":{"rendered":"<p>Faserlaser und deren Funktionsweise, Vorteile und Einsatzgebiete einfach erkl\u00e4rt Faserlaser Strahlenquelle &copy; JPT Was sind Faserlaser ? Faserlaser werden oft als Beschriftungslaser genutzt. Sie beschriften und gravieren verschiedene Materialien. Man kann sie auch als Schneidlaser f\u00fcr Metalle verwenden. Pr\u00e4zise und dauerhafte Lasermarkierungen machen diese Art von Laser in vielen Industriezweigen beliebt. Faserlaser Funktionsweise und Aufbau [&hellip;]<\/p>","protected":false},"author":1,"featured_media":0,"parent":0,"menu_order":20,"comment_status":"closed","ping_status":"closed","template":"","meta":{"site-sidebar-layout":"no-sidebar","site-content-layout":"page-builder","ast-site-content-layout":"full-width-container","site-content-style":"unboxed","site-sidebar-style":"unboxed","ast-global-header-display":"","ast-banner-title-visibility":"","ast-main-header-display":"","ast-hfb-above-header-display":"","ast-hfb-below-header-display":"","ast-hfb-mobile-header-display":"","site-post-title":"disabled","ast-breadcrumbs-content":"","ast-featured-img":"disabled","footer-sml-layout":"","theme-transparent-header-meta":"","adv-header-id-meta":"","stick-header-meta":"","header-above-stick-meta":"","header-main-stick-meta":"","header-below-stick-meta":"","astra-migrate-meta-layouts":"set","ast-page-background-enabled":"default","ast-page-background-meta":{"desktop":{"background-color":"var(--ast-global-color-4)","background-image":"","background-repeat":"repeat","background-position":"center center","background-size":"auto","background-attachment":"scroll","background-type":"","background-media":"","overlay-type":"","overlay-color":"","overlay-opacity":"","overlay-gradient":""},"tablet":{"background-color":"","background-image":"","background-repeat":"repeat","background-position":"center center","background-size":"auto","background-attachment":"scroll","background-type":"","background-media":"","overlay-type":"","overlay-color":"","overlay-opacity":"","overlay-gradient":""},"mobile":{"background-color":"","background-image":"","background-repeat":"repeat","background-position":"center center","background-size":"auto","background-attachment":"scroll","background-type":"","background-media":"","overlay-type":"","overlay-color":"","overlay-opacity":"","overlay-gradient":""}},"ast-content-background-meta":{"desktop":{"background-color":"var(--ast-global-color-5)","background-image":"","background-repeat":"repeat","background-position":"center center","background-size":"auto","background-attachment":"scroll","background-type":"","background-media":"","overlay-type":"","overlay-color":"","overlay-opacity":"","overlay-gradient":""},"tablet":{"background-color":"var(--ast-global-color-5)","background-image":"","background-repeat":"repeat","background-position":"center center","background-size":"auto","background-attachment":"scroll","background-type":"","background-media":"","overlay-type":"","overlay-color":"","overlay-opacity":"","overlay-gradient":""},"mobile":{"background-color":"var(--ast-global-color-5)","background-image":"","background-repeat":"repeat","background-position":"center center","background-size":"auto","background-attachment":"scroll","background-type":"","background-media":"","overlay-type":"","overlay-color":"","overlay-opacity":"","overlay-gradient":""}},"footnotes":""},"class_list":["post-34387","page","type-page","status-publish","hentry"],"yoast_head":"<!-- This site is optimized with the Yoast SEO Premium plugin v25.3 (Yoast SEO v26.5) - https:\/\/yoast.com\/wordpress\/plugins\/seo\/ -->\n<title>Faserlaser: Funktionsweise, Vorteile &amp; Einsatzgebiete<\/title>\n<meta name=\"description\" content=\"Erfahren Sie alles \u00fcber Faserlaser: Funktionsweise, Vorteile und Einsatzgebiete in Industrie, Medizin &amp; mehr. Hier informieren!\" \/>\n<meta name=\"robots\" content=\"index, follow, max-snippet:-1, max-image-preview:large, max-video-preview:-1\" \/>\n<link rel=\"canonical\" href=\"https:\/\/grossmann-lasertechnik.de\/es\/funcion-del-laser-de-fibra-y-ambitos-de-aplicacion\/\" \/>\n<meta property=\"og:locale\" content=\"es_ES\" \/>\n<meta property=\"og:type\" content=\"article\" \/>\n<meta property=\"og:title\" content=\"Faserlaser: Funktionsweise, Vorteile &amp; Einsatzgebiete\" \/>\n<meta property=\"og:description\" content=\"Erfahren Sie alles \u00fcber Faserlaser: Funktionsweise, Vorteile und Einsatzgebiete in Industrie, Medizin &amp; mehr. Hier informieren!\" \/>\n<meta property=\"og:url\" content=\"https:\/\/grossmann-lasertechnik.de\/es\/funcion-del-laser-de-fibra-y-ambitos-de-aplicacion\/\" \/>\n<meta property=\"og:site_name\" content=\"Gro\u00dfmann Lasertechnik\" \/>\n<meta property=\"article:publisher\" content=\"https:\/\/www.facebook.com\/grossmannlasertechnik\" \/>\n<meta property=\"article:modified_time\" content=\"2025-06-10T13:57:40+00:00\" \/>\n<meta property=\"og:image\" content=\"https:\/\/grossmann-lasertechnik.de\/wp-content\/uploads\/2023\/09\/laserquelle-wie-funktioniert-ein-Faserlaser.webp\" \/>\n\t<meta property=\"og:image:width\" content=\"960\" \/>\n\t<meta property=\"og:image:height\" content=\"780\" \/>\n\t<meta property=\"og:image:type\" content=\"image\/webp\" \/>\n<meta name=\"twitter:label1\" content=\"Tiempo de lectura\" \/>\n\t<meta name=\"twitter:data1\" content=\"1 minuto\" \/>\n<script type=\"application\/ld+json\" class=\"yoast-schema-graph\">{\"@context\":\"https:\/\/schema.org\",\"@graph\":[{\"@type\":\"WebPage\",\"@id\":\"https:\/\/grossmann-lasertechnik.de\/faserlaser-funktionsweise-und-einsatzgebiete\/\",\"url\":\"https:\/\/grossmann-lasertechnik.de\/faserlaser-funktionsweise-und-einsatzgebiete\/\",\"name\":\"Faserlaser: Funktionsweise, Vorteile & Einsatzgebiete\",\"isPartOf\":{\"@id\":\"https:\/\/grossmann-lasertechnik.de\/#website\"},\"primaryImageOfPage\":{\"@id\":\"https:\/\/grossmann-lasertechnik.de\/faserlaser-funktionsweise-und-einsatzgebiete\/#primaryimage\"},\"image\":{\"@id\":\"https:\/\/grossmann-lasertechnik.de\/faserlaser-funktionsweise-und-einsatzgebiete\/#primaryimage\"},\"thumbnailUrl\":\"https:\/\/grossmann-lasertechnik.de\/wp-content\/uploads\/2023\/09\/laserquelle-wie-funktioniert-ein-Faserlaser-300x244.webp\",\"datePublished\":\"2025-04-28T06:31:05+00:00\",\"dateModified\":\"2025-06-10T13:57:40+00:00\",\"description\":\"Erfahren Sie alles \u00fcber Faserlaser: Funktionsweise, Vorteile und Einsatzgebiete in Industrie, Medizin & mehr. Hier informieren!\",\"breadcrumb\":{\"@id\":\"https:\/\/grossmann-lasertechnik.de\/faserlaser-funktionsweise-und-einsatzgebiete\/#breadcrumb\"},\"inLanguage\":\"es\",\"potentialAction\":[{\"@type\":\"ReadAction\",\"target\":[\"https:\/\/grossmann-lasertechnik.de\/faserlaser-funktionsweise-und-einsatzgebiete\/\"]}]},{\"@type\":\"ImageObject\",\"inLanguage\":\"es\",\"@id\":\"https:\/\/grossmann-lasertechnik.de\/faserlaser-funktionsweise-und-einsatzgebiete\/#primaryimage\",\"url\":\"https:\/\/grossmann-lasertechnik.de\/wp-content\/uploads\/2023\/09\/laserquelle-wie-funktioniert-ein-Faserlaser-300x244.webp\",\"contentUrl\":\"https:\/\/grossmann-lasertechnik.de\/wp-content\/uploads\/2023\/09\/laserquelle-wie-funktioniert-ein-Faserlaser-300x244.webp\"},{\"@type\":\"BreadcrumbList\",\"@id\":\"https:\/\/grossmann-lasertechnik.de\/faserlaser-funktionsweise-und-einsatzgebiete\/#breadcrumb\",\"itemListElement\":[{\"@type\":\"ListItem\",\"position\":1,\"name\":\"Home\",\"item\":\"https:\/\/grossmann-lasertechnik.de\/\"},{\"@type\":\"ListItem\",\"position\":2,\"name\":\"Faserlaser: Funktionsweise, Vorteile &amp; Einsatzgebiete\"}]},{\"@type\":\"WebSite\",\"@id\":\"https:\/\/grossmann-lasertechnik.de\/#website\",\"url\":\"https:\/\/grossmann-lasertechnik.de\/\",\"name\":\"Gro\u00dfmann Lasertechnik\",\"description\":\"Beschriftungslaser Made in Germany\",\"publisher\":{\"@id\":\"https:\/\/grossmann-lasertechnik.de\/#organization\"},\"alternateName\":\"Lasersysteme made in Germany\",\"potentialAction\":[{\"@type\":\"SearchAction\",\"target\":{\"@type\":\"EntryPoint\",\"urlTemplate\":\"https:\/\/grossmann-lasertechnik.de\/?s={search_term_string}\"},\"query-input\":{\"@type\":\"PropertyValueSpecification\",\"valueRequired\":true,\"valueName\":\"search_term_string\"}}],\"inLanguage\":\"es\"},{\"@type\":\"Organization\",\"@id\":\"https:\/\/grossmann-lasertechnik.de\/#organization\",\"name\":\"Grossmann Lasertechnik\",\"url\":\"https:\/\/grossmann-lasertechnik.de\/\",\"logo\":{\"@type\":\"ImageObject\",\"inLanguage\":\"es\",\"@id\":\"https:\/\/grossmann-lasertechnik.de\/#\/schema\/logo\/image\/\",\"url\":\"https:\/\/grossmann-lasertechnik.de\/wp-content\/uploads\/2022\/06\/Grossmann_Laser_Logo_2022_v2.png\",\"contentUrl\":\"https:\/\/grossmann-lasertechnik.de\/wp-content\/uploads\/2022\/06\/Grossmann_Laser_Logo_2022_v2.png\",\"width\":600,\"height\":125,\"caption\":\"Grossmann Lasertechnik\"},\"image\":{\"@id\":\"https:\/\/grossmann-lasertechnik.de\/#\/schema\/logo\/image\/\"},\"sameAs\":[\"https:\/\/www.facebook.com\/grossmannlasertechnik\",\"https:\/\/www.instagram.com\/grossmann_lasertechnik\/\"]}]}<\/script>\n<!-- \/ Yoast SEO Premium plugin. -->","yoast_head_json":{"title":"L\u00e1ser de fibra: funcionamiento, ventajas y campos de aplicaci\u00f3n","description":"Desc\u00fabralo todo sobre los l\u00e1seres de fibra: c\u00f3mo funcionan, sus ventajas y \u00e1mbitos de aplicaci\u00f3n en la industria, la medicina, etc. Inf\u00f3rmese aqu\u00ed.","robots":{"index":"index","follow":"follow","max-snippet":"max-snippet:-1","max-image-preview":"max-image-preview:large","max-video-preview":"max-video-preview:-1"},"canonical":"https:\/\/grossmann-lasertechnik.de\/es\/funcion-del-laser-de-fibra-y-ambitos-de-aplicacion\/","og_locale":"es_ES","og_type":"article","og_title":"Faserlaser: Funktionsweise, Vorteile &amp; Einsatzgebiete","og_description":"Erfahren Sie alles \u00fcber Faserlaser: Funktionsweise, Vorteile und Einsatzgebiete in Industrie, Medizin & mehr. Hier informieren!","og_url":"https:\/\/grossmann-lasertechnik.de\/es\/funcion-del-laser-de-fibra-y-ambitos-de-aplicacion\/","og_site_name":"Gro\u00dfmann Lasertechnik","article_publisher":"https:\/\/www.facebook.com\/grossmannlasertechnik","article_modified_time":"2025-06-10T13:57:40+00:00","og_image":[{"width":960,"height":780,"url":"https:\/\/grossmann-lasertechnik.de\/wp-content\/uploads\/2023\/09\/laserquelle-wie-funktioniert-ein-Faserlaser.webp","type":"image\/webp"}],"twitter_misc":{"Tiempo de lectura":"1 minuto"},"schema":{"@context":"https:\/\/schema.org","@graph":[{"@type":"WebPage","@id":"https:\/\/grossmann-lasertechnik.de\/faserlaser-funktionsweise-und-einsatzgebiete\/","url":"https:\/\/grossmann-lasertechnik.de\/faserlaser-funktionsweise-und-einsatzgebiete\/","name":"L\u00e1ser de fibra: funcionamiento, ventajas y campos de aplicaci\u00f3n","isPartOf":{"@id":"https:\/\/grossmann-lasertechnik.de\/#website"},"primaryImageOfPage":{"@id":"https:\/\/grossmann-lasertechnik.de\/faserlaser-funktionsweise-und-einsatzgebiete\/#primaryimage"},"image":{"@id":"https:\/\/grossmann-lasertechnik.de\/faserlaser-funktionsweise-und-einsatzgebiete\/#primaryimage"},"thumbnailUrl":"https:\/\/grossmann-lasertechnik.de\/wp-content\/uploads\/2023\/09\/laserquelle-wie-funktioniert-ein-Faserlaser-300x244.webp","datePublished":"2025-04-28T06:31:05+00:00","dateModified":"2025-06-10T13:57:40+00:00","description":"Desc\u00fabralo todo sobre los l\u00e1seres de fibra: c\u00f3mo funcionan, sus ventajas y \u00e1mbitos de aplicaci\u00f3n en la industria, la medicina, etc. Inf\u00f3rmese aqu\u00ed.","breadcrumb":{"@id":"https:\/\/grossmann-lasertechnik.de\/faserlaser-funktionsweise-und-einsatzgebiete\/#breadcrumb"},"inLanguage":"es","potentialAction":[{"@type":"ReadAction","target":["https:\/\/grossmann-lasertechnik.de\/faserlaser-funktionsweise-und-einsatzgebiete\/"]}]},{"@type":"ImageObject","inLanguage":"es","@id":"https:\/\/grossmann-lasertechnik.de\/faserlaser-funktionsweise-und-einsatzgebiete\/#primaryimage","url":"https:\/\/grossmann-lasertechnik.de\/wp-content\/uploads\/2023\/09\/laserquelle-wie-funktioniert-ein-Faserlaser-300x244.webp","contentUrl":"https:\/\/grossmann-lasertechnik.de\/wp-content\/uploads\/2023\/09\/laserquelle-wie-funktioniert-ein-Faserlaser-300x244.webp"},{"@type":"BreadcrumbList","@id":"https:\/\/grossmann-lasertechnik.de\/faserlaser-funktionsweise-und-einsatzgebiete\/#breadcrumb","itemListElement":[{"@type":"ListItem","position":1,"name":"Home","item":"https:\/\/grossmann-lasertechnik.de\/"},{"@type":"ListItem","position":2,"name":"Faserlaser: Funktionsweise, Vorteile &amp; Einsatzgebiete"}]},{"@type":"WebSite","@id":"https:\/\/grossmann-lasertechnik.de\/#website","url":"https:\/\/grossmann-lasertechnik.de\/","name":"Tecnolog\u00eda l\u00e1ser Gro\u00dfmann","description":"L\u00e1seres de etiquetado made in Germany","publisher":{"@id":"https:\/\/grossmann-lasertechnik.de\/#organization"},"alternateName":"Lasersysteme made in Germany","potentialAction":[{"@type":"SearchAction","target":{"@type":"EntryPoint","urlTemplate":"https:\/\/grossmann-lasertechnik.de\/?s={search_term_string}"},"query-input":{"@type":"PropertyValueSpecification","valueRequired":true,"valueName":"search_term_string"}}],"inLanguage":"es"},{"@type":"Organization","@id":"https:\/\/grossmann-lasertechnik.de\/#organization","name":"Tecnolog\u00eda l\u00e1ser Grossmann","url":"https:\/\/grossmann-lasertechnik.de\/","logo":{"@type":"ImageObject","inLanguage":"es","@id":"https:\/\/grossmann-lasertechnik.de\/#\/schema\/logo\/image\/","url":"https:\/\/grossmann-lasertechnik.de\/wp-content\/uploads\/2022\/06\/Grossmann_Laser_Logo_2022_v2.png","contentUrl":"https:\/\/grossmann-lasertechnik.de\/wp-content\/uploads\/2022\/06\/Grossmann_Laser_Logo_2022_v2.png","width":600,"height":125,"caption":"Grossmann Lasertechnik"},"image":{"@id":"https:\/\/grossmann-lasertechnik.de\/#\/schema\/logo\/image\/"},"sameAs":["https:\/\/www.facebook.com\/grossmannlasertechnik","https:\/\/www.instagram.com\/grossmann_lasertechnik\/"]}]}},"_links":{"self":[{"href":"https:\/\/grossmann-lasertechnik.de\/es\/wp-json\/wp\/v2\/pages\/34387","targetHints":{"allow":["GET"]}}],"collection":[{"href":"https:\/\/grossmann-lasertechnik.de\/es\/wp-json\/wp\/v2\/pages"}],"about":[{"href":"https:\/\/grossmann-lasertechnik.de\/es\/wp-json\/wp\/v2\/types\/page"}],"author":[{"embeddable":true,"href":"https:\/\/grossmann-lasertechnik.de\/es\/wp-json\/wp\/v2\/users\/1"}],"replies":[{"embeddable":true,"href":"https:\/\/grossmann-lasertechnik.de\/es\/wp-json\/wp\/v2\/comments?post=34387"}],"version-history":[{"count":0,"href":"https:\/\/grossmann-lasertechnik.de\/es\/wp-json\/wp\/v2\/pages\/34387\/revisions"}],"wp:attachment":[{"href":"https:\/\/grossmann-lasertechnik.de\/es\/wp-json\/wp\/v2\/media?parent=34387"}],"curies":[{"name":"wp","href":"https:\/\/api.w.org\/{rel}","templated":true}]}}