{"id":39206,"date":"2023-06-30T09:49:13","date_gmt":"2023-06-30T07:49:13","guid":{"rendered":"https:\/\/grossmann-lasertechnik.de\/?page_id=39206"},"modified":"2023-09-12T15:10:19","modified_gmt":"2023-09-12T13:10:19","slug":"acquistate-il-laser-di-etichettatura-giusto","status":"publish","type":"page","link":"https:\/\/grossmann-lasertechnik.de\/it\/acquistate-il-laser-di-etichettatura-giusto\/","title":{"rendered":"Di quale laser ho bisogno?"},"content":{"rendered":"<div data-elementor-type=\"wp-page\" data-elementor-id=\"39206\" class=\"elementor elementor-39206\" data-elementor-post-type=\"page\">\n\t\t\t\t\t\t<section class=\"elementor-section elementor-top-section elementor-element elementor-element-74f5e11d elementor-section-content-middle elementor-section-boxed elementor-section-height-default elementor-section-height-default\" data-id=\"74f5e11d\" data-element_type=\"section\" data-e-type=\"section\" data-settings=\"{&quot;background_background&quot;:&quot;classic&quot;}\">\n\t\t\t\t\t\t\t<div class=\"elementor-background-overlay\"><\/div>\n\t\t\t\t\t\t\t<div class=\"elementor-container elementor-column-gap-default\">\n\t\t\t\t\t<div class=\"elementor-column elementor-col-100 elementor-top-column elementor-element elementor-element-45e7ffe2\" data-id=\"45e7ffe2\" data-element_type=\"column\" data-e-type=\"column\">\n\t\t\t<div class=\"elementor-widget-wrap elementor-element-populated\">\n\t\t\t\t\t\t<section class=\"elementor-section elementor-inner-section elementor-element elementor-element-4943891c elementor-section-boxed elementor-section-height-default elementor-section-height-default\" data-id=\"4943891c\" data-element_type=\"section\" data-e-type=\"section\">\n\t\t\t\t\t\t<div class=\"elementor-container elementor-column-gap-default\">\n\t\t\t\t\t<div class=\"elementor-column elementor-col-100 elementor-inner-column elementor-element elementor-element-4850139\" data-id=\"4850139\" data-element_type=\"column\" data-e-type=\"column\">\n\t\t\t<div class=\"elementor-widget-wrap elementor-element-populated\">\n\t\t\t\t\t\t<div class=\"elementor-element elementor-element-40d24933 elementor-widget elementor-widget-heading\" data-id=\"40d24933\" data-element_type=\"widget\" data-e-type=\"widget\" data-widget_type=\"heading.default\">\n\t\t\t\t\t<h1 class=\"elementor-heading-title elementor-size-default\">LASER PER ETICHETTATURA GLT - COME ACQUISTARE IL MARCATORE LASER GIUSTO<\/h1>\t\t\t\t<\/div>\n\t\t\t\t<div class=\"elementor-element elementor-element-657d399b fs-headerline elementor-widget elementor-widget-heading\" data-id=\"657d399b\" data-element_type=\"widget\" data-e-type=\"widget\" blend=\"\" data-widget_type=\"heading.default\">\n\t\t\t\t\t<h2 class=\"elementor-heading-title elementor-size-default\">Confronto tra laser a fibre, laser UV e sistemi laser CO2<\/h2>\t\t\t\t<\/div>\n\t\t\t\t\t<\/div>\n\t\t<\/div>\n\t\t\t\t\t<\/div>\n\t\t<\/section>\n\t\t\t\t\t<\/div>\n\t\t<\/div>\n\t\t\t\t\t<\/div>\n\t\t<\/section>\n\t\t\t\t<section class=\"elementor-section elementor-top-section elementor-element elementor-element-3977827f elementor-section-boxed elementor-section-height-default elementor-section-height-default\" data-id=\"3977827f\" data-element_type=\"section\" data-e-type=\"section\" data-settings=\"{&quot;background_background&quot;:&quot;classic&quot;}\">\n\t\t\t\t\t\t<div class=\"elementor-container elementor-column-gap-default\">\n\t\t\t\t\t<div class=\"elementor-column elementor-col-50 elementor-top-column elementor-element elementor-element-5e8d39bd\" data-id=\"5e8d39bd\" data-element_type=\"column\" data-e-type=\"column\">\n\t\t\t<div class=\"elementor-widget-wrap elementor-element-populated\">\n\t\t\t\t\t\t<div class=\"elementor-element elementor-element-36ae8ae elementor-widget elementor-widget-image\" data-id=\"36ae8ae\" data-element_type=\"widget\" data-e-type=\"widget\" data-widget_type=\"image.default\">\n\t\t\t\t\t\t\t\t\t\t\t\t\t\t\t<img loading=\"lazy\" decoding=\"async\" width=\"768\" height=\"1024\" src=\"https:\/\/grossmann-lasertechnik.de\/wp-content\/uploads\/2022\/06\/grossmann-lasertechnik-beschriftungslaser-900x1200-gravis-detail-01-1-768x1024.webp\" class=\"attachment-large size-large wp-image-36118\" alt=\"Acquistate i marcatori laser Gravis \/ marcatori laser e marcatori laser come laser a fibre o laser UV per la marcatura laser.\" srcset=\"https:\/\/grossmann-lasertechnik.de\/wp-content\/uploads\/2022\/06\/grossmann-lasertechnik-beschriftungslaser-900x1200-gravis-detail-01-1-768x1024.webp 768w, https:\/\/grossmann-lasertechnik.de\/wp-content\/uploads\/2022\/06\/grossmann-lasertechnik-beschriftungslaser-900x1200-gravis-detail-01-1-600x800.webp 600w, https:\/\/grossmann-lasertechnik.de\/wp-content\/uploads\/2022\/06\/grossmann-lasertechnik-beschriftungslaser-900x1200-gravis-detail-01-1-225x300.webp 225w, https:\/\/grossmann-lasertechnik.de\/wp-content\/uploads\/2022\/06\/grossmann-lasertechnik-beschriftungslaser-900x1200-gravis-detail-01-1.webp 900w\" sizes=\"auto, (max-width: 768px) 100vw, 768px\" \/>\t\t\t\t\t\t\t\t\t\t\t\t\t\t\t<\/div>\n\t\t\t\t\t<\/div>\n\t\t<\/div>\n\t\t\t\t<div class=\"elementor-column elementor-col-50 elementor-top-column elementor-element elementor-element-734b6b2\" data-id=\"734b6b2\" data-element_type=\"column\" data-e-type=\"column\">\n\t\t\t<div class=\"elementor-widget-wrap elementor-element-populated\">\n\t\t\t\t\t\t<div class=\"elementor-element elementor-element-99e0379 elementor-widget elementor-widget-heading\" data-id=\"99e0379\" data-element_type=\"widget\" data-e-type=\"widget\" data-widget_type=\"heading.default\">\n\t\t\t\t\t<div class=\"elementor-heading-title elementor-size-default\">Sie m\u00f6chten einen Beschriftungslaser kaufen ?<\/div>\t\t\t\t<\/div>\n\t\t\t\t<div class=\"elementor-element elementor-element-de221ad elementor-widget elementor-widget-text-editor\" data-id=\"de221ad\" data-element_type=\"widget\" data-e-type=\"widget\" data-widget_type=\"text-editor.default\">\n\t\t\t\t\t\t\t\t\t<div class=\"flex flex-grow flex-col gap-3\">\n<div class=\"min-h-[20px] flex flex-col items-start gap-4 whitespace-pre-wrap break-words\">\n<div class=\"markdown prose w-full break-words dark:prose-invert light\">Quando si tratta di scegliere il giusto <strong>Laser di etichettatura<\/strong>&nbsp;f\u00fcr Ihre Anwendung geht, spielen verschiedene Faktoren eine Rolle.&nbsp;<\/div><div class=\"markdown prose w-full break-words dark:prose-invert light\"><br>Hier bieten wir Ihnen ausf\u00fchrliche Informationen, die Ihnen die Auswahl erleichtern soll.&nbsp;<\/div>\n<div class=\"markdown prose w-full break-words dark:prose-invert light\">Drei der g\u00e4ngigsten Lasertypen, die Sie als Strahlenquelle in Betracht ziehen sollten, ist der <strong>Laser a fibra<\/strong>il <strong>Laser UV<\/strong> e il <strong>Laser CO2<\/strong>.<\/div><div class=\"markdown prose w-full break-words dark:prose-invert light\"><br><\/div>\n<div class=\"markdown prose w-full break-words dark:prose-invert light\">In diesem Artikel werden wir die Unterschiede zwischen den verschiednene Lasertypen erl\u00e4utern und Ihnen helfen, die beste Wahl f\u00fcr Ihre individuellen Anforderungen zu treffen.<\/div>\n<div class=\"markdown prose w-full break-words dark:prose-invert light\">&nbsp;<\/div>\n<div class=\"markdown prose w-full break-words dark:prose-invert light\">Questo confronto si riferisce ai laser per la marcatura o l'etichettatura laser.<\/div>\n<\/div>\n<\/div>\t\t\t\t\t\t\t\t<\/div>\n\t\t\t\t\t<\/div>\n\t\t<\/div>\n\t\t\t\t\t<\/div>\n\t\t<\/section>\n\t\t\t\t<section class=\"elementor-section elementor-top-section elementor-element elementor-element-7fc1dfa elementor-section-boxed elementor-section-height-default elementor-section-height-default\" data-id=\"7fc1dfa\" data-element_type=\"section\" data-e-type=\"section\" data-settings=\"{&quot;background_background&quot;:&quot;classic&quot;}\">\n\t\t\t\t\t\t<div class=\"elementor-container elementor-column-gap-default\">\n\t\t\t\t\t<div class=\"elementor-column elementor-col-100 elementor-top-column elementor-element elementor-element-1baa4c9\" data-id=\"1baa4c9\" data-element_type=\"column\" data-e-type=\"column\">\n\t\t\t<div class=\"elementor-widget-wrap elementor-element-populated\">\n\t\t\t\t\t\t<div class=\"elementor-element elementor-element-48086f8 elementor-toc--minimized-on-tablet elementor-widget elementor-widget-table-of-contents\" data-id=\"48086f8\" data-element_type=\"widget\" data-e-type=\"widget\" data-settings=\"{&quot;headings_by_tags&quot;:[&quot;h2&quot;],&quot;exclude_headings_by_selector&quot;:&quot;.fs-headerline&quot;,&quot;marker_view&quot;:&quot;numbers&quot;,&quot;no_headings_message&quot;:&quot;Es wurden keine \\u00dcberschriften auf dieser Seite gefunden.&quot;,&quot;minimize_box&quot;:&quot;yes&quot;,&quot;minimized_on&quot;:&quot;tablet&quot;,&quot;hierarchical_view&quot;:&quot;yes&quot;,&quot;min_height&quot;:{&quot;unit&quot;:&quot;px&quot;,&quot;size&quot;:&quot;&quot;,&quot;sizes&quot;:[]},&quot;min_height_laptop&quot;:{&quot;unit&quot;:&quot;px&quot;,&quot;size&quot;:&quot;&quot;,&quot;sizes&quot;:[]},&quot;min_height_tablet_extra&quot;:{&quot;unit&quot;:&quot;px&quot;,&quot;size&quot;:&quot;&quot;,&quot;sizes&quot;:[]},&quot;min_height_tablet&quot;:{&quot;unit&quot;:&quot;px&quot;,&quot;size&quot;:&quot;&quot;,&quot;sizes&quot;:[]},&quot;min_height_mobile_extra&quot;:{&quot;unit&quot;:&quot;px&quot;,&quot;size&quot;:&quot;&quot;,&quot;sizes&quot;:[]},&quot;min_height_mobile&quot;:{&quot;unit&quot;:&quot;px&quot;,&quot;size&quot;:&quot;&quot;,&quot;sizes&quot;:[]}}\" data-widget_type=\"table-of-contents.default\">\n\t\t\t\t\t\t\t\t\t<div class=\"elementor-toc__header\">\n\t\t\t\t\t\t<h4 class=\"elementor-toc__header-title\">\n\t\t\t\tThemen\u00fcbersicht\t\t\t<\/h4>\n\t\t\t\t\t\t\t\t\t\t<div class=\"elementor-toc__toggle-button elementor-toc__toggle-button--expand\" role=\"button\" tabindex=\"0\" aria-controls=\"elementor-toc__48086f8\" aria-expanded=\"true\" aria-label=\"Aprire l&#039;indice dei contenuti\"><svg aria-hidden=\"true\" class=\"e-font-icon-svg e-fas-chevron-down\" viewbox=\"0 0 448 512\" xmlns=\"http:\/\/www.w3.org\/2000\/svg\"><path d=\"M207.029 381.476L12.686 187.132c-9.373-9.373-9.373-24.569 0-33.941l22.667-22.667c9.357-9.357 24.522-9.375 33.901-.04L224 284.505l154.745-154.021c9.379-9.335 24.544-9.317 33.901.04l22.667 22.667c9.373 9.373 9.373 24.569 0 33.941L240.971 381.476c-9.373 9.372-24.569 9.372-33.942 0z\"><\/path><\/svg><\/div>\n\t\t\t\t<div class=\"elementor-toc__toggle-button elementor-toc__toggle-button--collapse\" role=\"button\" tabindex=\"0\" aria-controls=\"elementor-toc__48086f8\" aria-expanded=\"true\" aria-label=\"Chiudere l&#039;indice\"><svg aria-hidden=\"true\" class=\"e-font-icon-svg e-fas-chevron-up\" viewbox=\"0 0 448 512\" xmlns=\"http:\/\/www.w3.org\/2000\/svg\"><path d=\"M240.971 130.524l194.343 194.343c9.373 9.373 9.373 24.569 0 33.941l-22.667 22.667c-9.357 9.357-24.522 9.375-33.901.04L224 227.495 69.255 381.516c-9.379 9.335-24.544 9.317-33.901-.04l-22.667-22.667c-9.373-9.373-9.373-24.569 0-33.941L207.03 130.525c9.372-9.373 24.568-9.373 33.941-.001z\"><\/path><\/svg><\/div>\n\t\t\t\t\t<\/div>\n\t\t\t\t<div id=\"elementor-toc__48086f8\" class=\"elementor-toc__body\">\n\t\t\t<div class=\"elementor-toc__spinner-container\">\n\t\t\t\t<svg class=\"elementor-toc__spinner eicon-animation-spin e-font-icon-svg e-eicon-loading\" aria-hidden=\"true\" viewbox=\"0 0 1000 1000\" xmlns=\"http:\/\/www.w3.org\/2000\/svg\"><path d=\"M500 975V858C696 858 858 696 858 500S696 142 500 142 142 304 142 500H25C25 237 238 25 500 25S975 237 975 500 763 975 500 975Z\"><\/path><\/svg>\t\t\t<\/div>\n\t\t<\/div>\n\t\t\t\t\t\t<\/div>\n\t\t\t\t<div class=\"elementor-element elementor-element-b011ac6 elementor-widget elementor-widget-heading\" data-id=\"b011ac6\" data-element_type=\"widget\" data-e-type=\"widget\" data-widget_type=\"heading.default\">\n\t\t\t\t\t<h2 class=\"elementor-heading-title elementor-size-default\">Der Faserlaser als Beschriftungslaser f\u00fcr Metalle und Kunststoffe<\/h2>\t\t\t\t<\/div>\n\t\t\t\t<div class=\"elementor-element elementor-element-18ef466 elementor-widget elementor-widget-text-editor\" data-id=\"18ef466\" data-element_type=\"widget\" data-e-type=\"widget\" data-widget_type=\"text-editor.default\">\n\t\t\t\t\t\t\t\t\t<p>Der Faserlaser ist ein hochpr\u00e4zises Werkzeug f\u00fcr eine Vielzahl von Anwendungen. Hier sind einige seiner Vor- und Nachteile:<\/p><p><strong>Vantaggi<\/strong><\/p><ol><li>Hohe Pr\u00e4zision: Faserlaser bieten eine au\u00dfergew\u00f6hnliche Aufl\u00f6sung und Genauigkeit, was sie ideal f\u00fcr feine Beschriftungen und detaillierte Lasergravuren macht.<br \/><br \/><\/li><li>Schnelle Markierungsgeschwindigkeit: Faserlaser arbeiten in der Regel sehr schnell, was zu einer effizienten Produktion und kurzen Bearbeitungszeiten f\u00fchrt.<br \/><br \/><\/li><li>Allrounder: Faserlaser k\u00f6nnen verschiedene Materialien wie Metalle, Kunststoffe, Keramik und mehr bearbeiten, was sie f\u00fcr eine breite Palette von Anwendungen geeignet macht.<br \/><br \/><\/li><li>Geringer Wartungsaufwand: Faserlaser ben\u00f6tigen im Vergleich zu anderen Lasertypen weniger Wartung und haben eine extrem lange Lebensdauer von bis zu 80.000 Stunden.<\/li><\/ol><p><strong>Svantaggi<\/strong><\/p><ol><li>Begrenzte Materialvielfalt: Faserlaser eignen sich nicht f\u00fcr alle Materialien. Zum Beispiel k\u00f6nnen sie Glas oder organische Materialien nicht gut oder nur beschichtet bearbeiten.<\/li><\/ol><p><strong>Materiali da trattare con il laser a fibre<\/strong>:<\/p><div><div><div><div><ol><li>Metalli<br \/>Faserlaser eignen sich besonders gut f\u00fcr die Laserbeschriftung und Lasergravur von Metallen wie Edelstahl, Aluminium, Kupfer, Messing und Titan.<br \/><br \/><\/li><li>Plastica<br \/>Viele Arten von Kunststoffen k\u00f6nnen mit einem Faserlaser bearbeitet werden, darunter ABS, PVC, PET, PMMA (Acryl gef\u00e4rbt), Nylon, Polypropylen uvm.<br \/><br \/><\/li><li>Materiali rivestiti<br \/>Faserlaser k\u00f6nnen auch auf beschichteten Materialien wie eloxiertem Aluminium, lackierten Oberfl\u00e4chen und beschichtetem Stahl Lasermarkierungen und Lasergravuren erzeugen sowie Oberfl\u00e4chen entschichten.<br \/><br \/><\/li><li>Ceramica<br \/>Einige Arten von Keramikmaterialien k\u00f6nnen mit einem Faserlaser bearbeitet werden, insbesondere wenn sie \u00fcber eine spezielle Beschichtung verf\u00fcgen, die f\u00fcr die Lasermarkierung optimiert ist.<br \/><br \/><\/li><li>Vetro<br \/>Obwohl Faserlaser nicht ideal f\u00fcr die Gravur von Glas sind, k\u00f6nnen sie auf speziellen Glasoberfl\u00e4chen Markierungen erzeugen, insbesondere wenn sie \u00fcber eine entsprechende Beschichtung verf\u00fcgen.<\/li><\/ol><p>Es ist wichtig zu beachten, dass die genaue Eignung eines Faserlasers f\u00fcr ein bestimmtes Material von verschiedenen Faktoren abh\u00e4ngt, wie z. B. der Materialzusammensetzung, Dicke, Oberfl\u00e4chenbeschaffenheit und den gew\u00fcnschten Ergebnissen. Es ist ratsam, vor der Bearbeitung eines spezifischen Materials Testl\u00e4ufe durchzuf\u00fchren, um die besten Parameter und Einstellungen f\u00fcr optimale Ergebnisse zu ermitteln.<\/p><p><strong><a href=\"https:\/\/grossmann-lasertechnik.de\/it\/faserlaser-zum-markieren-und-beschriften\/\">Per saperne di pi\u00f9 sui laser a fibre ottiche, cliccate qui.<\/a><\/strong><\/p><\/div><\/div><\/div><\/div>\t\t\t\t\t\t\t\t<\/div>\n\t\t\t\t\t<\/div>\n\t\t<\/div>\n\t\t\t\t\t<\/div>\n\t\t<\/section>\n\t\t\t\t<section class=\"elementor-section elementor-top-section elementor-element elementor-element-e910f96 elementor-section-boxed elementor-section-height-default elementor-section-height-default\" data-id=\"e910f96\" data-element_type=\"section\" data-e-type=\"section\" data-settings=\"{&quot;background_background&quot;:&quot;classic&quot;}\">\n\t\t\t\t\t\t<div class=\"elementor-container elementor-column-gap-default\">\n\t\t\t\t\t<div class=\"elementor-column elementor-col-100 elementor-top-column elementor-element elementor-element-a1d3e65\" data-id=\"a1d3e65\" data-element_type=\"column\" data-e-type=\"column\">\n\t\t\t<div class=\"elementor-widget-wrap elementor-element-populated\">\n\t\t\t\t\t\t<div class=\"elementor-element elementor-element-e577b9d elementor-widget elementor-widget-heading\" data-id=\"e577b9d\" data-element_type=\"widget\" data-e-type=\"widget\" data-widget_type=\"heading.default\">\n\t\t\t\t\t<h2 class=\"elementor-heading-title elementor-size-default\">Der UV- Beschriftungslaser f\u00fcr Kunststoffe und organische Materialien<\/h2>\t\t\t\t<\/div>\n\t\t\t\t<div class=\"elementor-element elementor-element-7988d06 elementor-widget elementor-widget-text-editor\" data-id=\"7988d06\" data-element_type=\"widget\" data-e-type=\"widget\" data-widget_type=\"text-editor.default\">\n\t\t\t\t\t\t\t\t\t<div><div><div><p>Der UV-Laser ist f\u00fcr bestimmte Anwendungen besonders geeignet und sehr vielf\u00e4ltig im Vergleich zu anderen Lasersystemen. <br \/>Ein Ultraviolet Laser (UV) kombiniert einige positiven Eigenschaften zwischen CO2 und Faserlasern und ist damit ein allgemeiner &#8222;Allrounder&#8220;.<br \/><span style=\"font-style: inherit; background-color: var( --e-global-color-b652c98 );\"><br \/><b>Vantaggi<\/b><\/span><\/p><ol><li>Pr\u00e4zise und extrem feine Markierungen<br \/>UV-Laser bieten eine hohe Aufl\u00f6sung und sind ideal f\u00fcr Anwendungen, die eine sehr feine Beschriftung erfordern, wie zum Beispiel in der Elektronikindustrie. Durch die &#8222;kalte&#8220; Bearbeitung k\u00f6nnen Konturen noch sch\u00e4rfer dargestellt werden. <br \/><br \/><\/li><li>Gute Materialvertr\u00e4glichkeit<br \/>UV- Beschriftungslaser sind durch die sogenannte &#8222;kalte&#8220; Bearbeitung\u00a0gut geeignet f\u00fcr empfindliche Materialien wie Glas, Kunststoffe und medizinische Ger\u00e4te. <br \/><br \/><\/li><li>Tessuti orignali<br \/>\u00c4hnlich wie ein CO2 Laser kann ein UV Laser auch z.B. Holz oder Leder laserbeschriften oder lasergravieren. <br \/><br \/><\/li><li>Decoating dei metalli<br \/>\u00c4hnlich wie beim Faserlaser kann ein UV- Beschriftungslaser auch zum Entschichten von Metallen verwendet werden. <br \/><br \/><\/li><li>Incisione e tempra dei metalli<br \/>Sofern ein UV Laser mit gen\u00fcgen Wattleistung gew\u00e4hlt wird, ist dieser in der Lage, Metalle zu gravieren oder Anlassbeschriftungen zu erzeugen. Die Prozessdauer ist allerdings ein vielfaches im Vergleich zu einem Faserlaser.<\/li><\/ol><p><strong>Svantaggi<\/strong><\/p><ol><li>Velocit\u00e0 di elaborazione limitata<br \/>UV-Laser arbeiten in der Regel langsamer als andere Lasertypen, was zu l\u00e4ngeren Bearbeitungszeiten f\u00fchrt. <br \/><br \/><\/li><li>Kleinere Bearbeitungsfl\u00e4che<br \/>A causa della minore potenza dei sistemi laser UV rispetto ad altri sistemi, le aree di lavoro sono solitamente molto pi\u00f9 piccole. <br \/><br \/><\/li><li>H\u00f6here Anschaffungskosten<br \/>Die Anschaffungskosten f\u00fcr UV-Laser sind h\u00f6her als bei Faserlasern oder CO2 Lasern. <br \/><br \/><\/li><li>Vita utile ridotta<br \/>La durata di vita dei laser di marcatura UV \u00e8 spesso solo 1\/3 di quella di un laser a fibra. <br \/><a href=\"https:\/\/grossmann-lasertechnik.de\/it\/funzione-del-laser-a-fibre-e-campi-di-applicazione\/\" target=\"_blank\" rel=\"noopener\">Qui potete trovare un confronto dettagliato della durata di vita.<\/a><\/li><\/ol><p><strong>I materiali<\/strong><\/p><\/div><ol><li>Vetro<br \/>UV-Laser k\u00f6nnen Glasmaterialien wie Flachglas, Hohlglas, Glasr\u00f6hren und Glasflaschen lasermarkieren und lasergravieren.<br \/><br \/><\/li><li>Plastica<br \/>Verschiedene Kunststoffe wie Acryl (PMMA), ABS, PVC, PET, Polypropylen und viele andere k\u00f6nnen mit einem UV-Laser lasermarkiert werden.<br \/><br \/><\/li><li>Materiali rivestiti<br \/>UV-Laser k\u00f6nnen auf beschichteten Oberfl\u00e4chen, einschlie\u00dflich Metallbeschichtungen, Lasermarkierungen und Laserravuren erzeugen.<br \/><br \/><\/li><li>Ceramica<br \/>Einige Keramikmaterialien k\u00f6nnen mit einem UV-Laser bearbeitet werden, insbesondere wenn sie \u00fcber eine geeignete Beschichtung verf\u00fcgen.<br \/><br \/><\/li><li>Medizinische Ger\u00e4te<br \/>UV-Laser werden h\u00e4ufig in der Medizintechnik eingesetzt, um Markierungen auf medizinischen Instrumenten, Implantaten und medizinischen Kunststoffger\u00e4ten anzubringen.<\/li><\/ol><p>Es ist wichtig zu beachten, dass die genaue Eignung eines UV-Lasers f\u00fcr ein bestimmtes Material von verschiedenen Faktoren abh\u00e4ngt, wie z. B. der Materialzusammensetzung, Oberfl\u00e4chenbeschaffenheit und den gew\u00fcnschten Ergebnissen. Auch hier empfiehlt es sich, vor der Bearbeitung eines spezifischen Materials Testl\u00e4ufe durchzuf\u00fchren, um die besten Parameter und Einstellungen f\u00fcr optimale Ergebnisse zu ermitteln.<\/p><p>\u00a0<\/p><p><strong><a href=\"https:\/\/grossmann-lasertechnik.de\/it\/laser-uv-per-etichettatura-e-marcatura\/\">Per saperne di pi\u00f9 sui laser UV, cliccate qui.<\/a><\/strong><\/p><\/div><\/div>\t\t\t\t\t\t\t\t<\/div>\n\t\t\t\t\t<\/div>\n\t\t<\/div>\n\t\t\t\t\t<\/div>\n\t\t<\/section>\n\t\t\t\t<section class=\"elementor-section elementor-top-section elementor-element elementor-element-0d3caa1 elementor-section-boxed elementor-section-height-default elementor-section-height-default\" data-id=\"0d3caa1\" data-element_type=\"section\" data-e-type=\"section\" data-settings=\"{&quot;background_background&quot;:&quot;classic&quot;}\">\n\t\t\t\t\t\t<div class=\"elementor-container elementor-column-gap-default\">\n\t\t\t\t\t<div class=\"elementor-column elementor-col-100 elementor-top-column elementor-element elementor-element-52decb2\" data-id=\"52decb2\" data-element_type=\"column\" data-e-type=\"column\">\n\t\t\t<div class=\"elementor-widget-wrap elementor-element-populated\">\n\t\t\t\t\t\t<div class=\"elementor-element elementor-element-3e1ea3f elementor-widget elementor-widget-heading\" data-id=\"3e1ea3f\" data-element_type=\"widget\" data-e-type=\"widget\" data-widget_type=\"heading.default\">\n\t\t\t\t\t<h2 class=\"elementor-heading-title elementor-size-default\">Il laser per etichettatura a CO2<\/h2>\t\t\t\t<\/div>\n\t\t\t\t<div class=\"elementor-element elementor-element-5bc0128 elementor-widget elementor-widget-text-editor\" data-id=\"5bc0128\" data-element_type=\"widget\" data-e-type=\"widget\" data-widget_type=\"text-editor.default\">\n\t\t\t\t\t\t\t\t\t<div class=\"flex flex-grow flex-col gap-3\"><div class=\"min-h-[20px] flex flex-col items-start gap-4 whitespace-pre-wrap break-words\"><div class=\"markdown prose w-full break-words dark:prose-invert light\"><p>Der CO2-Laser ist bekannt f\u00fcr seine breite Anwendungspalette und oft ein g\u00fcnstiges Einsteigersystem.<br \/>Ecco i suoi pro e contro:<\/p><p><strong>Vantaggi<\/strong><\/p><ol><li>Prestazioni elevate<br \/>CO2-Laser gibt es \u00e4hnlich wie Faserlaser mit sehr leistungsf\u00e4higen Laserquellen und sind ideal f\u00fcr Anwendungen, die tiefe Lasergravuren oder Schneidevorg\u00e4nge auf organischen Stoffen, Glas oder Acryl erfordern.<br \/><br \/><\/li><li>Variet\u00e0 di materiali<br \/>CO2-Laser k\u00f6nnen eine Vielzahl von Materialien wie Holz, Papier, Kunststoffe, Acryl und Leder verarbeiten.<br \/><br \/><\/li><li>Costi di acquisizione inferiori<br \/>CO2 Systeme sind in der Regel g\u00fcnstiger als UV oder Faserlaser, abh\u00e4ngig von der gew\u00fcnschten Konfiguration.<\/li><\/ol><p><strong>Svantaggi<\/strong><\/p><ol><li>Geringere Pr\u00e4zision<br \/>Im Vergleich zu Faser- und UV-Lasern bieten CO2-Laser eine geringere Aufl\u00f6sung.<br \/><br \/><\/li><li>Gr\u00f6\u00dfere Abmessungen<br \/>CO2-Laser sind in der Regel gr\u00f6\u00dfer und erfordern mehr Platz als andere Lasertypen.<br \/><br \/><\/li><li>Le incisioni su vetro, ad esempio, non sono cos\u00ec ricche di contrasto come con un sistema UV.<\/li><\/ol><p><strong>I materiali<\/strong><\/p><\/div><div class=\"flex flex-grow flex-col gap-3\"><div class=\"min-h-[20px] flex items-start overflow-x-auto whitespace-pre-wrap break-words flex-col gap-4\"><div class=\"markdown prose w-full break-words dark:prose-invert light\"><ol><li>Legno<br \/>CO2-Laser k\u00f6nnen Holzmaterialien wie Sperrholz, MDF, Buche, Kiefer, Eiche und andere H\u00f6lzer lasermarkieren und lasergravieren.<br \/><br \/><\/li><li>Carta e cartone<br \/>CO2-Laser eignen sich gut f\u00fcr die Bearbeitung von Papier und Kartonmaterialien, zum Beispiel f\u00fcr die Herstellung von Verpackungen, Gru\u00dfkarten oder Schneidvorlagen.<br \/><br \/><\/li><li>Tessile<br \/>Textilien wie Baumwolle, Leinen, Filz und synthetische Stoffe k\u00f6nnen mit einem CO2-Laser markiert oder geschnitten werden, beispielsweise f\u00fcr die Textilindustrie oder die Herstellung von Textilien mit personalisierten Designs.<br \/><br \/><\/li><li>Plastica<br \/>CO2-Laser k\u00f6nnen verschiedene Kunststoffe wie Acryl, PVC, ABS, Polycarbonat und andere bearbeiten. Sie k\u00f6nnen zum Beispiel in der Werbeindustrie f\u00fcr die Herstellung von Schildern, Displays oder Beschriftungen eingesetzt werden.<br \/><br \/><\/li><li>Pietra e ceramica<br \/>CO2-Laser Beschriftungslaser k\u00f6nnen bestimmte Stein- und Keramikmaterialien gravieren, insbesondere wenn sie eine spezielle Beschichtung f\u00fcr die Laserbearbeitung haben.<\/li><\/ol><p>Es ist wichtig zu beachten, dass die genaue Eignung eines CO2-Lasers f\u00fcr ein bestimmtes Material von verschiedenen Faktoren abh\u00e4ngt, wie z. B. der Materialdicke, Dichte, Oberfl\u00e4chenbeschaffenheit und den gew\u00fcnschten Ergebnissen. Vor der Bearbeitung eines spezifischen Materials sollten Testl\u00e4ufe durchgef\u00fchrt werden, um die besten Parameter und Einstellungen f\u00fcr optimale Ergebnisse zu ermitteln.<\/p><\/div><\/div><\/div><\/div><\/div>\t\t\t\t\t\t\t\t<\/div>\n\t\t\t\t\t<\/div>\n\t\t<\/div>\n\t\t\t\t\t<\/div>\n\t\t<\/section>\n\t\t\t\t<section class=\"elementor-section elementor-top-section elementor-element elementor-element-5aa1f722 elementor-section-content-middle elementor-section-boxed elementor-section-height-default elementor-section-height-default\" data-id=\"5aa1f722\" data-element_type=\"section\" data-e-type=\"section\" data-settings=\"{&quot;background_background&quot;:&quot;classic&quot;}\">\n\t\t\t\t\t\t\t<div class=\"elementor-background-overlay\"><\/div>\n\t\t\t\t\t\t\t<div class=\"elementor-container elementor-column-gap-default\">\n\t\t\t\t\t<div class=\"elementor-column elementor-col-100 elementor-top-column elementor-element elementor-element-4d708859\" data-id=\"4d708859\" data-element_type=\"column\" data-e-type=\"column\">\n\t\t\t<div class=\"elementor-widget-wrap elementor-element-populated\">\n\t\t\t\t\t\t<section class=\"elementor-section elementor-inner-section elementor-element elementor-element-6b14b7c3 elementor-section-boxed elementor-section-height-default elementor-section-height-default\" data-id=\"6b14b7c3\" data-element_type=\"section\" data-e-type=\"section\">\n\t\t\t\t\t\t<div class=\"elementor-container elementor-column-gap-default\">\n\t\t\t\t\t<div class=\"elementor-column elementor-col-100 elementor-inner-column elementor-element elementor-element-6beed369\" data-id=\"6beed369\" data-element_type=\"column\" data-e-type=\"column\">\n\t\t\t<div class=\"elementor-widget-wrap elementor-element-populated\">\n\t\t\t\t\t\t<div class=\"elementor-element elementor-element-e021fc6 elementor-widget elementor-widget-heading\" data-id=\"e021fc6\" data-element_type=\"widget\" data-e-type=\"widget\" data-widget_type=\"heading.default\">\n\t\t\t\t\t<div class=\"elementor-heading-title elementor-size-default\">Consulenza telefonica<\/div>\t\t\t\t<\/div>\n\t\t\t\t<div class=\"elementor-element elementor-element-4d242db3 phone-button elementor-widget elementor-widget-heading\" data-id=\"4d242db3\" data-element_type=\"widget\" data-e-type=\"widget\" data-widget_type=\"heading.default\">\n\t\t\t\t\t<div class=\"elementor-heading-title elementor-size-default\"><a href=\"tel:+4929526799745\">+49 (0) 2952 67 99 745<\/a><\/div>\t\t\t\t<\/div>\n\t\t\t\t\t<\/div>\n\t\t<\/div>\n\t\t\t\t\t<\/div>\n\t\t<\/section>\n\t\t\t\t<div class=\"elementor-element elementor-element-7bf48081 elementor-widget elementor-widget-heading\" data-id=\"7bf48081\" data-element_type=\"widget\" data-e-type=\"widget\" data-widget_type=\"heading.default\">\n\t\t\t\t\t<div class=\"elementor-heading-title elementor-size-default\">Desiderate una consulenza personale?\n<\/br>Siamo qui per voi e saremo lieti di consigliarvi, naturalmente in modo gratuito e senza impegno!<\/div>\t\t\t\t<\/div>\n\t\t\t\t\t<\/div>\n\t\t<\/div>\n\t\t\t\t\t<\/div>\n\t\t<\/section>\n\t\t\t\t<section class=\"elementor-section elementor-top-section elementor-element elementor-element-5c121be8 elementor-section-boxed elementor-section-height-default elementor-section-height-default\" data-id=\"5c121be8\" data-element_type=\"section\" data-e-type=\"section\">\n\t\t\t\t\t\t<div class=\"elementor-container elementor-column-gap-default\">\n\t\t\t\t\t<div class=\"elementor-column elementor-col-100 elementor-top-column elementor-element elementor-element-1bceeb89\" data-id=\"1bceeb89\" data-element_type=\"column\" data-e-type=\"column\">\n\t\t\t<div class=\"elementor-widget-wrap elementor-element-populated\">\n\t\t\t\t\t\t<div class=\"elementor-element elementor-element-40bfac75 elementor-widget elementor-widget-heading\" data-id=\"40bfac75\" data-element_type=\"widget\" data-e-type=\"widget\" data-widget_type=\"heading.default\">\n\t\t\t\t\t<h2 class=\"elementor-heading-title elementor-size-default\">Laser per etichettatura INTEGRA<\/h2>\t\t\t\t<\/div>\n\t\t\t\t<div class=\"elementor-element elementor-element-194fdfda elementor-widget elementor-widget-heading\" data-id=\"194fdfda\" data-element_type=\"widget\" data-e-type=\"widget\" data-widget_type=\"heading.default\">\n\t\t\t\t\t<h3 class=\"elementor-heading-title elementor-size-default\">Laser di marcatura stand-alone a costi contenuti<\/h3>\t\t\t\t<\/div>\n\t\t\t\t<section class=\"elementor-section elementor-inner-section elementor-element elementor-element-680f2c51 elementor-section-boxed elementor-section-height-default elementor-section-height-default\" data-id=\"680f2c51\" data-element_type=\"section\" data-e-type=\"section\">\n\t\t\t\t\t\t<div class=\"elementor-container elementor-column-gap-default\">\n\t\t\t\t\t<div class=\"elementor-column elementor-col-50 elementor-inner-column elementor-element elementor-element-d682e5d\" data-id=\"d682e5d\" data-element_type=\"column\" data-e-type=\"column\">\n\t\t\t<div class=\"elementor-widget-wrap elementor-element-populated\">\n\t\t\t\t\t\t<div class=\"elementor-element elementor-element-3a430eae elementor-widget elementor-widget-image\" data-id=\"3a430eae\" data-element_type=\"widget\" data-e-type=\"widget\" data-widget_type=\"image.default\">\n\t\t\t\t\t\t\t\t\t\t\t\t\t\t\t<img loading=\"lazy\" decoding=\"async\" width=\"300\" height=\"225\" src=\"https:\/\/grossmann-lasertechnik.de\/wp-content\/uploads\/2022\/11\/grossmann-lasersysteme-faserlaser-integra-mk2-03-1-300x225.webp\" class=\"attachment-medium size-medium wp-image-38286\" alt=\"Acquistate il laser a fibre Integra di Grossmann Lasertechnik come marcatore laser o macchina per incisioni laser.\" srcset=\"https:\/\/grossmann-lasertechnik.de\/wp-content\/uploads\/2022\/11\/grossmann-lasersysteme-faserlaser-integra-mk2-03-1-300x225.webp 300w, https:\/\/grossmann-lasertechnik.de\/wp-content\/uploads\/2022\/11\/grossmann-lasersysteme-faserlaser-integra-mk2-03-1-768x576.webp 768w, https:\/\/grossmann-lasertechnik.de\/wp-content\/uploads\/2022\/11\/grossmann-lasersysteme-faserlaser-integra-mk2-03-1-600x450.webp 600w, https:\/\/grossmann-lasertechnik.de\/wp-content\/uploads\/2022\/11\/grossmann-lasersysteme-faserlaser-integra-mk2-03-1.webp 1024w\" sizes=\"auto, (max-width: 300px) 100vw, 300px\" \/>\t\t\t\t\t\t\t\t\t\t\t\t\t\t\t<\/div>\n\t\t\t\t\t<\/div>\n\t\t<\/div>\n\t\t\t\t<div class=\"elementor-column elementor-col-50 elementor-inner-column elementor-element elementor-element-57ed8d71\" data-id=\"57ed8d71\" data-element_type=\"column\" data-e-type=\"column\">\n\t\t\t<div class=\"elementor-widget-wrap elementor-element-populated\">\n\t\t\t\t\t\t<div class=\"elementor-element elementor-element-59a8bc66 elementor-widget elementor-widget-text-editor\" data-id=\"59a8bc66\" data-element_type=\"widget\" data-e-type=\"widget\" data-widget_type=\"text-editor.default\">\n\t\t\t\t\t\t\t\t\tSe il sistema laser <strong>GRAVIDANZA<\/strong> nicht Ihren Vorstellung entsprechen, m\u00f6chten wir Ihnen hiermit einen weiteren Lasermarkierer vorstellen:\n\n<a href=\"https:\/\/grossmann-lasertechnik.de\/it\/beschriftungslaser-integra\/\">INTEGRA MK2 come soluzione stand-alone o di integrazione<\/a>.\n\nEine optimale Stand-Alone oder Integrationsl\u00f6sung.\n\nDurch die integrierte SPS Steuerung lassen sich diverse Ein- und Ausg\u00e4nge frei programmieren.\nIdeal, wenn der Laserbeschrifter in eine bestehende Prozesskette, z.B. in Verbindung mit Robotik, eingesetzt werden soll.\n\nDurch die vorhandenen Interlockanschl\u00fcsse l\u00e4sst sich diese Lasergravurmaschine nicht nur einfach sondern auch sicher in Laserschutzr\u00e4umen oder Einhausungen integrieren.\t\t\t\t\t\t\t\t<\/div>\n\t\t\t\t<div class=\"elementor-element elementor-element-3ee0b373 elementor-widget elementor-widget-button\" data-id=\"3ee0b373\" data-element_type=\"widget\" data-e-type=\"widget\" data-widget_type=\"button.default\">\n\t\t\t\t\t\t\t\t\t\t<a class=\"elementor-button elementor-button-link elementor-size-md\" href=\"https:\/\/grossmann-lasertechnik.de\/it\/beschriftungslaser-integra\/\">\n\t\t\t\t\t\t<span class=\"elementor-button-content-wrapper\">\n\t\t\t\t\t\t\t\t\t<span class=\"elementor-button-text\">MAGGIORI INFORMAZIONI SU INTEGRA<\/span>\n\t\t\t\t\t<\/span>\n\t\t\t\t\t<\/a>\n\t\t\t\t\t\t\t\t<\/div>\n\t\t\t\t\t<\/div>\n\t\t<\/div>\n\t\t\t\t\t<\/div>\n\t\t<\/section>\n\t\t\t\t\t<\/div>\n\t\t<\/div>\n\t\t\t\t\t<\/div>\n\t\t<\/section>\n\t\t\t\t<section class=\"elementor-section elementor-top-section elementor-element elementor-element-66e7fb94 elementor-section-boxed elementor-section-height-default elementor-section-height-default\" data-id=\"66e7fb94\" data-element_type=\"section\" data-e-type=\"section\">\n\t\t\t\t\t\t<div class=\"elementor-container elementor-column-gap-default\">\n\t\t\t\t\t<div class=\"elementor-column elementor-col-100 elementor-top-column elementor-element elementor-element-7db7157\" data-id=\"7db7157\" data-element_type=\"column\" data-e-type=\"column\">\n\t\t\t<div class=\"elementor-widget-wrap elementor-element-populated\">\n\t\t\t\t\t\t<div class=\"elementor-element elementor-element-137901e6 elementor-widget elementor-widget-heading\" data-id=\"137901e6\" data-element_type=\"widget\" data-e-type=\"widget\" data-widget_type=\"heading.default\">\n\t\t\t\t\t<h2 class=\"elementor-heading-title elementor-size-default\">Etichettatura laser GRAVIS<\/h2>\t\t\t\t<\/div>\n\t\t\t\t<div class=\"elementor-element elementor-element-13ac6833 elementor-widget elementor-widget-heading\" data-id=\"13ac6833\" data-element_type=\"widget\" data-e-type=\"widget\" data-widget_type=\"heading.default\">\n\t\t\t\t\t<h3 class=\"elementor-heading-title elementor-size-default\">Il laser di marcatura sicuro ALL-IN-ONE per le aziende<\/h3>\t\t\t\t<\/div>\n\t\t\t\t<section class=\"elementor-section elementor-inner-section elementor-element elementor-element-117ceffe elementor-section-boxed elementor-section-height-default elementor-section-height-default\" data-id=\"117ceffe\" data-element_type=\"section\" data-e-type=\"section\">\n\t\t\t\t\t\t<div class=\"elementor-container elementor-column-gap-default\">\n\t\t\t\t\t<div class=\"elementor-column elementor-col-100 elementor-inner-column elementor-element elementor-element-45baa60\" data-id=\"45baa60\" data-element_type=\"column\" data-e-type=\"column\">\n\t\t\t<div class=\"elementor-widget-wrap elementor-element-populated\">\n\t\t\t\t\t\t<div class=\"elementor-element elementor-element-52c77dcf elementor-widget elementor-widget-image\" data-id=\"52c77dcf\" data-element_type=\"widget\" data-e-type=\"widget\" data-widget_type=\"image.default\">\n\t\t\t\t\t\t\t\t\t\t\t\t\t\t\t<img loading=\"lazy\" decoding=\"async\" width=\"225\" height=\"300\" src=\"https:\/\/grossmann-lasertechnik.de\/wp-content\/uploads\/2022\/06\/grossmann-lasertechnik-beschriftungslaser-900x1200-gravis-detail-01-1-225x300.webp\" class=\"attachment-medium size-medium wp-image-36118\" alt=\"Acquistate i marcatori laser Gravis \/ marcatori laser e marcatori laser come laser a fibre o laser UV per la marcatura laser.\" srcset=\"https:\/\/grossmann-lasertechnik.de\/wp-content\/uploads\/2022\/06\/grossmann-lasertechnik-beschriftungslaser-900x1200-gravis-detail-01-1-225x300.webp 225w, https:\/\/grossmann-lasertechnik.de\/wp-content\/uploads\/2022\/06\/grossmann-lasertechnik-beschriftungslaser-900x1200-gravis-detail-01-1-600x800.webp 600w, https:\/\/grossmann-lasertechnik.de\/wp-content\/uploads\/2022\/06\/grossmann-lasertechnik-beschriftungslaser-900x1200-gravis-detail-01-1-768x1024.webp 768w, https:\/\/grossmann-lasertechnik.de\/wp-content\/uploads\/2022\/06\/grossmann-lasertechnik-beschriftungslaser-900x1200-gravis-detail-01-1.webp 900w\" sizes=\"auto, (max-width: 225px) 100vw, 225px\" \/>\t\t\t\t\t\t\t\t\t\t\t\t\t\t\t<\/div>\n\t\t\t\t\t<\/div>\n\t\t<\/div>\n\t\t\t\t<div class=\"elementor-column elementor-col-50 elementor-inner-column elementor-element elementor-element-54bff0\" data-id=\"54bff0\" data-element_type=\"column\" data-e-type=\"column\">\n\t\t\t<div class=\"elementor-widget-wrap elementor-element-populated\">\n\t\t\t\t\t\t<div class=\"elementor-element elementor-element-1509c6bd elementor-widget elementor-widget-text-editor\" data-id=\"1509c6bd\" data-element_type=\"widget\" data-e-type=\"widget\" data-widget_type=\"text-editor.default\">\n\t\t\t\t\t\t\t\t\t<p>Se il sistema laser <strong>INTEGRA<\/strong> nicht Ihren Vorstellung entsprechen, m\u00f6chten wir Ihnen hiermit einen weiteren Lasermarkierer vorstellen:<\/p><p><a href=\"https:\/\/grossmann-lasertechnik.de\/it\/faserlaser-laserbeschrifter-beschriftungslaser-gravis\/\">Il marcatore laser GRAVIS come soluzione completa.<\/a><\/p><p>Grazie alla moderna <strong>MOPA<\/strong> tecnologia pu\u00f2 essere realizzata con la <a href=\"https:\/\/grossmann-lasertechnik.de\/it\/faserlaser-laserbeschrifter-beschriftungslaser-gravis\/\">Gravis<\/a> produrre marcature e incisioni laser precise, ad alto contrasto o addirittura colorate su molti materiali.<\/p><p>Disponibile opzionalmente in <a href=\"https:\/\/grossmann-lasertechnik.de\/it\/corsi-di-laser\/\" target=\"_blank\" rel=\"noopener\">Classe di protezione laser<\/a> 1 o 2, questa macchina per incisione laser offre una soluzione affidabile per molte applicazioni. <br \/>Grazie all'asse X opzionale, \u00e8 possibile realizzare ampi campi di etichettatura anche con ottiche piccole, ideali per la produzione in serie.<\/p>\t\t\t\t\t\t\t\t<\/div>\n\t\t\t\t<div class=\"elementor-element elementor-element-790a3f95 elementor-widget elementor-widget-button\" data-id=\"790a3f95\" data-element_type=\"widget\" data-e-type=\"widget\" data-widget_type=\"button.default\">\n\t\t\t\t\t\t\t\t\t\t<a class=\"elementor-button elementor-button-link elementor-size-md\" href=\"https:\/\/grossmann-lasertechnik.de\/it\/faserlaser-laserbeschrifter-beschriftungslaser-gravis\/\">\n\t\t\t\t\t\t<span class=\"elementor-button-content-wrapper\">\n\t\t\t\t\t\t\t\t\t<span class=\"elementor-button-text\">MAGGIORI INFORMAZIONI SULLA GRAVIS<\/span>\n\t\t\t\t\t<\/span>\n\t\t\t\t\t<\/a>\n\t\t\t\t\t\t\t\t<\/div>\n\t\t\t\t\t<\/div>\n\t\t<\/div>\n\t\t\t\t\t<\/div>\n\t\t<\/section>\n\t\t\t\t\t<\/div>\n\t\t<\/div>\n\t\t\t\t\t<\/div>\n\t\t<\/section>\n\t\t\t\t<\/div>","protected":false},"excerpt":{"rendered":"<p>GLT BESCHRIFTUNGSLASER &#8211; SO kaufen SIE DEN RICHTIGEN Lasermarkierer Vergleich zwischen Faserlaser, UV- Laser und CO2 Lasersystemen Sie m\u00f6chten einen Beschriftungslaser kaufen ? Wenn es um die Auswahl des richtigen Beschriftungslaser&nbsp;f\u00fcr Ihre Anwendung geht, spielen verschiedene Faktoren eine Rolle.&nbsp;Hier bieten wir Ihnen ausf\u00fchrliche Informationen, die Ihnen die Auswahl erleichtern soll.&nbsp; Drei der g\u00e4ngigsten Lasertypen, die [&hellip;]<\/p>","protected":false},"author":2,"featured_media":0,"parent":0,"menu_order":20,"comment_status":"closed","ping_status":"closed","template":"","meta":{"site-sidebar-layout":"no-sidebar","site-content-layout":"page-builder","ast-site-content-layout":"full-width-container","site-content-style":"unboxed","site-sidebar-style":"unboxed","ast-global-header-display":"","ast-banner-title-visibility":"","ast-main-header-display":"","ast-hfb-above-header-display":"","ast-hfb-below-header-display":"","ast-hfb-mobile-header-display":"","site-post-title":"disabled","ast-breadcrumbs-content":"","ast-featured-img":"disabled","footer-sml-layout":"","theme-transparent-header-meta":"","adv-header-id-meta":"","stick-header-meta":"","header-above-stick-meta":"","header-main-stick-meta":"","header-below-stick-meta":"","astra-migrate-meta-layouts":"set","ast-page-background-enabled":"default","ast-page-background-meta":{"desktop":{"background-color":"var(--ast-global-color-4)","background-image":"","background-repeat":"repeat","background-position":"center center","background-size":"auto","background-attachment":"scroll","background-type":"","background-media":"","overlay-type":"","overlay-color":"","overlay-opacity":"","overlay-gradient":""},"tablet":{"background-color":"","background-image":"","background-repeat":"repeat","background-position":"center center","background-size":"auto","background-attachment":"scroll","background-type":"","background-media":"","overlay-type":"","overlay-color":"","overlay-opacity":"","overlay-gradient":""},"mobile":{"background-color":"","background-image":"","background-repeat":"repeat","background-position":"center center","background-size":"auto","background-attachment":"scroll","background-type":"","background-media":"","overlay-type":"","overlay-color":"","overlay-opacity":"","overlay-gradient":""}},"ast-content-background-meta":{"desktop":{"background-color":"var(--ast-global-color-5)","background-image":"","background-repeat":"repeat","background-position":"center center","background-size":"auto","background-attachment":"scroll","background-type":"","background-media":"","overlay-type":"","overlay-color":"","overlay-opacity":"","overlay-gradient":""},"tablet":{"background-color":"var(--ast-global-color-5)","background-image":"","background-repeat":"repeat","background-position":"center center","background-size":"auto","background-attachment":"scroll","background-type":"","background-media":"","overlay-type":"","overlay-color":"","overlay-opacity":"","overlay-gradient":""},"mobile":{"background-color":"var(--ast-global-color-5)","background-image":"","background-repeat":"repeat","background-position":"center center","background-size":"auto","background-attachment":"scroll","background-type":"","background-media":"","overlay-type":"","overlay-color":"","overlay-opacity":"","overlay-gradient":""}},"footnotes":""},"class_list":["post-39206","page","type-page","status-publish","hentry"],"yoast_head":"<!-- This site is optimized with the Yoast SEO Premium plugin v25.3 (Yoast SEO v26.5) - https:\/\/yoast.com\/wordpress\/plugins\/seo\/ -->\n<title>Faserlaser oder UV Beschriftungslaser? So kaufen Sie richtig!<\/title>\n<meta name=\"description\" content=\"Welcher Beschriftungslaser ist der richtige? Vergleichen Sie zwischen UV- und Faserlaser als Lasermarkierer bevor Sie kaufen. Wir informieren\" \/>\n<meta name=\"robots\" content=\"index, follow, max-snippet:-1, max-image-preview:large, max-video-preview:-1\" \/>\n<link rel=\"canonical\" href=\"https:\/\/grossmann-lasertechnik.de\/it\/acquistate-il-laser-di-etichettatura-giusto\/\" \/>\n<meta property=\"og:locale\" content=\"it_IT\" \/>\n<meta property=\"og:type\" content=\"article\" \/>\n<meta property=\"og:title\" content=\"Welchen Laser ben\u00f6tige ich ?\" \/>\n<meta property=\"og:description\" content=\"Welcher Beschriftungslaser ist der richtige? Vergleichen Sie zwischen UV- und Faserlaser als Lasermarkierer bevor Sie kaufen. Wir informieren\" \/>\n<meta property=\"og:url\" content=\"https:\/\/grossmann-lasertechnik.de\/it\/acquistate-il-laser-di-etichettatura-giusto\/\" \/>\n<meta property=\"og:site_name\" content=\"Gro\u00dfmann Lasertechnik\" \/>\n<meta property=\"article:publisher\" content=\"https:\/\/www.facebook.com\/grossmannlasertechnik\" \/>\n<meta property=\"article:modified_time\" content=\"2023-09-12T13:10:19+00:00\" \/>\n<meta property=\"og:image\" content=\"https:\/\/grossmann-lasertechnik.de\/wp-content\/uploads\/2022\/06\/grossmann-lasertechnik-beschriftungslaser-900x1200-gravis-detail-01-1-768x1024.webp\" \/>\n<meta name=\"twitter:label1\" content=\"Tempo di lettura stimato\" \/>\n\t<meta name=\"twitter:data1\" content=\"9 minuti\" \/>\n<script type=\"application\/ld+json\" class=\"yoast-schema-graph\">{\"@context\":\"https:\/\/schema.org\",\"@graph\":[{\"@type\":\"WebPage\",\"@id\":\"https:\/\/grossmann-lasertechnik.de\/den-richtigen-beschriftungslaser-kaufen\/\",\"url\":\"https:\/\/grossmann-lasertechnik.de\/den-richtigen-beschriftungslaser-kaufen\/\",\"name\":\"Faserlaser oder UV Beschriftungslaser? So kaufen Sie richtig!\",\"isPartOf\":{\"@id\":\"https:\/\/grossmann-lasertechnik.de\/#website\"},\"primaryImageOfPage\":{\"@id\":\"https:\/\/grossmann-lasertechnik.de\/den-richtigen-beschriftungslaser-kaufen\/#primaryimage\"},\"image\":{\"@id\":\"https:\/\/grossmann-lasertechnik.de\/den-richtigen-beschriftungslaser-kaufen\/#primaryimage\"},\"thumbnailUrl\":\"https:\/\/grossmann-lasertechnik.de\/wp-content\/uploads\/2022\/06\/grossmann-lasertechnik-beschriftungslaser-900x1200-gravis-detail-01-1-768x1024.webp\",\"datePublished\":\"2023-06-30T07:49:13+00:00\",\"dateModified\":\"2023-09-12T13:10:19+00:00\",\"description\":\"Welcher Beschriftungslaser ist der richtige? Vergleichen Sie zwischen UV- und Faserlaser als Lasermarkierer bevor Sie kaufen. Wir informieren\",\"breadcrumb\":{\"@id\":\"https:\/\/grossmann-lasertechnik.de\/den-richtigen-beschriftungslaser-kaufen\/#breadcrumb\"},\"inLanguage\":\"it-IT\",\"potentialAction\":[{\"@type\":\"ReadAction\",\"target\":[\"https:\/\/grossmann-lasertechnik.de\/den-richtigen-beschriftungslaser-kaufen\/\"]}]},{\"@type\":\"ImageObject\",\"inLanguage\":\"it-IT\",\"@id\":\"https:\/\/grossmann-lasertechnik.de\/den-richtigen-beschriftungslaser-kaufen\/#primaryimage\",\"url\":\"https:\/\/grossmann-lasertechnik.de\/wp-content\/uploads\/2022\/06\/grossmann-lasertechnik-beschriftungslaser-900x1200-gravis-detail-01-1-768x1024.webp\",\"contentUrl\":\"https:\/\/grossmann-lasertechnik.de\/wp-content\/uploads\/2022\/06\/grossmann-lasertechnik-beschriftungslaser-900x1200-gravis-detail-01-1-768x1024.webp\"},{\"@type\":\"BreadcrumbList\",\"@id\":\"https:\/\/grossmann-lasertechnik.de\/den-richtigen-beschriftungslaser-kaufen\/#breadcrumb\",\"itemListElement\":[{\"@type\":\"ListItem\",\"position\":1,\"name\":\"Home\",\"item\":\"https:\/\/grossmann-lasertechnik.de\/\"},{\"@type\":\"ListItem\",\"position\":2,\"name\":\"Welchen Laser ben\u00f6tige ich ?\"}]},{\"@type\":\"WebSite\",\"@id\":\"https:\/\/grossmann-lasertechnik.de\/#website\",\"url\":\"https:\/\/grossmann-lasertechnik.de\/\",\"name\":\"Gro\u00dfmann Lasertechnik\",\"description\":\"Beschriftungslaser Made in Germany\",\"publisher\":{\"@id\":\"https:\/\/grossmann-lasertechnik.de\/#organization\"},\"alternateName\":\"Lasersysteme made in Germany\",\"potentialAction\":[{\"@type\":\"SearchAction\",\"target\":{\"@type\":\"EntryPoint\",\"urlTemplate\":\"https:\/\/grossmann-lasertechnik.de\/?s={search_term_string}\"},\"query-input\":{\"@type\":\"PropertyValueSpecification\",\"valueRequired\":true,\"valueName\":\"search_term_string\"}}],\"inLanguage\":\"it-IT\"},{\"@type\":\"Organization\",\"@id\":\"https:\/\/grossmann-lasertechnik.de\/#organization\",\"name\":\"Grossmann Lasertechnik\",\"url\":\"https:\/\/grossmann-lasertechnik.de\/\",\"logo\":{\"@type\":\"ImageObject\",\"inLanguage\":\"it-IT\",\"@id\":\"https:\/\/grossmann-lasertechnik.de\/#\/schema\/logo\/image\/\",\"url\":\"https:\/\/grossmann-lasertechnik.de\/wp-content\/uploads\/2022\/06\/Grossmann_Laser_Logo_2022_v2.png\",\"contentUrl\":\"https:\/\/grossmann-lasertechnik.de\/wp-content\/uploads\/2022\/06\/Grossmann_Laser_Logo_2022_v2.png\",\"width\":600,\"height\":125,\"caption\":\"Grossmann Lasertechnik\"},\"image\":{\"@id\":\"https:\/\/grossmann-lasertechnik.de\/#\/schema\/logo\/image\/\"},\"sameAs\":[\"https:\/\/www.facebook.com\/grossmannlasertechnik\",\"https:\/\/www.instagram.com\/grossmann_lasertechnik\/\"]}]}<\/script>\n<!-- \/ Yoast SEO Premium plugin. -->","yoast_head_json":{"title":"Laser a fibra o laser per marcatura UV? Come acquistare nel modo giusto!","description":"Qual \u00e8 il laser di marcatura giusto? Confrontate i laser UV e in fibra come marcatori laser prima dell'acquisto. Vi informiamo","robots":{"index":"index","follow":"follow","max-snippet":"max-snippet:-1","max-image-preview":"max-image-preview:large","max-video-preview":"max-video-preview:-1"},"canonical":"https:\/\/grossmann-lasertechnik.de\/it\/acquistate-il-laser-di-etichettatura-giusto\/","og_locale":"it_IT","og_type":"article","og_title":"Welchen Laser ben\u00f6tige ich ?","og_description":"Welcher Beschriftungslaser ist der richtige? Vergleichen Sie zwischen UV- und Faserlaser als Lasermarkierer bevor Sie kaufen. Wir informieren","og_url":"https:\/\/grossmann-lasertechnik.de\/it\/acquistate-il-laser-di-etichettatura-giusto\/","og_site_name":"Gro\u00dfmann Lasertechnik","article_publisher":"https:\/\/www.facebook.com\/grossmannlasertechnik","article_modified_time":"2023-09-12T13:10:19+00:00","og_image":[{"url":"https:\/\/grossmann-lasertechnik.de\/wp-content\/uploads\/2022\/06\/grossmann-lasertechnik-beschriftungslaser-900x1200-gravis-detail-01-1-768x1024.webp","type":"","width":"","height":""}],"twitter_misc":{"Tempo di lettura stimato":"9 minuti"},"schema":{"@context":"https:\/\/schema.org","@graph":[{"@type":"WebPage","@id":"https:\/\/grossmann-lasertechnik.de\/den-richtigen-beschriftungslaser-kaufen\/","url":"https:\/\/grossmann-lasertechnik.de\/den-richtigen-beschriftungslaser-kaufen\/","name":"Laser a fibra o laser per marcatura UV? Come acquistare nel modo giusto!","isPartOf":{"@id":"https:\/\/grossmann-lasertechnik.de\/#website"},"primaryImageOfPage":{"@id":"https:\/\/grossmann-lasertechnik.de\/den-richtigen-beschriftungslaser-kaufen\/#primaryimage"},"image":{"@id":"https:\/\/grossmann-lasertechnik.de\/den-richtigen-beschriftungslaser-kaufen\/#primaryimage"},"thumbnailUrl":"https:\/\/grossmann-lasertechnik.de\/wp-content\/uploads\/2022\/06\/grossmann-lasertechnik-beschriftungslaser-900x1200-gravis-detail-01-1-768x1024.webp","datePublished":"2023-06-30T07:49:13+00:00","dateModified":"2023-09-12T13:10:19+00:00","description":"Qual \u00e8 il laser di marcatura giusto? Confrontate i laser UV e in fibra come marcatori laser prima dell'acquisto. Vi informiamo","breadcrumb":{"@id":"https:\/\/grossmann-lasertechnik.de\/den-richtigen-beschriftungslaser-kaufen\/#breadcrumb"},"inLanguage":"it-IT","potentialAction":[{"@type":"ReadAction","target":["https:\/\/grossmann-lasertechnik.de\/den-richtigen-beschriftungslaser-kaufen\/"]}]},{"@type":"ImageObject","inLanguage":"it-IT","@id":"https:\/\/grossmann-lasertechnik.de\/den-richtigen-beschriftungslaser-kaufen\/#primaryimage","url":"https:\/\/grossmann-lasertechnik.de\/wp-content\/uploads\/2022\/06\/grossmann-lasertechnik-beschriftungslaser-900x1200-gravis-detail-01-1-768x1024.webp","contentUrl":"https:\/\/grossmann-lasertechnik.de\/wp-content\/uploads\/2022\/06\/grossmann-lasertechnik-beschriftungslaser-900x1200-gravis-detail-01-1-768x1024.webp"},{"@type":"BreadcrumbList","@id":"https:\/\/grossmann-lasertechnik.de\/den-richtigen-beschriftungslaser-kaufen\/#breadcrumb","itemListElement":[{"@type":"ListItem","position":1,"name":"Home","item":"https:\/\/grossmann-lasertechnik.de\/"},{"@type":"ListItem","position":2,"name":"Welchen Laser ben\u00f6tige ich ?"}]},{"@type":"WebSite","@id":"https:\/\/grossmann-lasertechnik.de\/#website","url":"https:\/\/grossmann-lasertechnik.de\/","name":"Tecnologia laser Gro\u00dfmann","description":"Laser di etichettatura made in Germany","publisher":{"@id":"https:\/\/grossmann-lasertechnik.de\/#organization"},"alternateName":"Lasersysteme made in Germany","potentialAction":[{"@type":"SearchAction","target":{"@type":"EntryPoint","urlTemplate":"https:\/\/grossmann-lasertechnik.de\/?s={search_term_string}"},"query-input":{"@type":"PropertyValueSpecification","valueRequired":true,"valueName":"search_term_string"}}],"inLanguage":"it-IT"},{"@type":"Organization","@id":"https:\/\/grossmann-lasertechnik.de\/#organization","name":"Tecnologia laser Grossmann","url":"https:\/\/grossmann-lasertechnik.de\/","logo":{"@type":"ImageObject","inLanguage":"it-IT","@id":"https:\/\/grossmann-lasertechnik.de\/#\/schema\/logo\/image\/","url":"https:\/\/grossmann-lasertechnik.de\/wp-content\/uploads\/2022\/06\/Grossmann_Laser_Logo_2022_v2.png","contentUrl":"https:\/\/grossmann-lasertechnik.de\/wp-content\/uploads\/2022\/06\/Grossmann_Laser_Logo_2022_v2.png","width":600,"height":125,"caption":"Grossmann Lasertechnik"},"image":{"@id":"https:\/\/grossmann-lasertechnik.de\/#\/schema\/logo\/image\/"},"sameAs":["https:\/\/www.facebook.com\/grossmannlasertechnik","https:\/\/www.instagram.com\/grossmann_lasertechnik\/"]}]}},"_links":{"self":[{"href":"https:\/\/grossmann-lasertechnik.de\/it\/wp-json\/wp\/v2\/pages\/39206","targetHints":{"allow":["GET"]}}],"collection":[{"href":"https:\/\/grossmann-lasertechnik.de\/it\/wp-json\/wp\/v2\/pages"}],"about":[{"href":"https:\/\/grossmann-lasertechnik.de\/it\/wp-json\/wp\/v2\/types\/page"}],"author":[{"embeddable":true,"href":"https:\/\/grossmann-lasertechnik.de\/it\/wp-json\/wp\/v2\/users\/2"}],"replies":[{"embeddable":true,"href":"https:\/\/grossmann-lasertechnik.de\/it\/wp-json\/wp\/v2\/comments?post=39206"}],"version-history":[{"count":0,"href":"https:\/\/grossmann-lasertechnik.de\/it\/wp-json\/wp\/v2\/pages\/39206\/revisions"}],"wp:attachment":[{"href":"https:\/\/grossmann-lasertechnik.de\/it\/wp-json\/wp\/v2\/media?parent=39206"}],"curies":[{"name":"wp","href":"https:\/\/api.w.org\/{rel}","templated":true}]}}